{"id":1341,"date":"2024-02-23T16:00:18","date_gmt":"2024-02-23T15:00:18","guid":{"rendered":"https:\/\/www.czbiom.cz\/?page_id=1341"},"modified":"2024-02-23T16:00:18","modified_gmt":"2024-02-23T15:00:18","slug":"vyroba-tepla-a-elektriny","status":"publish","type":"page","link":"https:\/\/www.czbiom.cz\/en\/vyroba-tepla-a-elektriny\/","title":{"rendered":"V\u00fdroba tepla a elekt\u0159iny"},"content":{"rendered":"<p>Bioenergie je d\u016fle\u017eitou sou\u010d\u00e1st\u00ed obnoviteln\u00fdch zdroj\u016f. V \u010cesk\u00e9 republice je t\u00e9m\u011b\u0159 100 licencovan\u00fdch zdroj\u016f vyu\u017e\u00edvaj\u00edc\u00ed pevnou biomasu bu\u010f jako prim\u00e1rn\u00ed nebo minoritn\u00ed palivo. Dohromady se tato za\u0159\u00edzen\u00ed pod\u00edl\u00ed na obnoviteln\u00fdch zdroj\u00edch \u010cR z 27 % (biomasa mimo dom\u00e1cnost, Obnoviteln\u00e9 zdroje v roce 2021, MPO).<\/p>\n<p>Pro v\u00fdrobu tepla a elekt\u0159iny z pevn\u00e9 biomasy jsou vyu\u017e\u00edv\u00e1ny zejm\u00e9na zbytky ze zpracov\u00e1n\u00ed lesn\u00edch porost\u016f (klest), kter\u00e9 ji\u017e nemaj\u00ed materi\u00e1lov\u00e9 vyu\u017eit\u00ed. D\u00e1le se tak\u00e9 vyu\u017e\u00edv\u00e1 zem\u011bd\u011blsk\u00e1 odpadn\u00ed a zbytkov\u00e1 biomasa, jako je nap\u0159\u00edklad sl\u00e1ma, seno pop\u0159. vojt\u011b\u0161ka. D\u016fle\u017eitou sou\u010d\u00e1st\u00ed pevn\u00e9 biomasy je c\u00edlen\u011b p\u011bstovan\u00e1 biomasa, zejm\u00e9na rychle rostouc\u00ed d\u0159eviny (RRD) a plodiny. Ty jsou obl\u00edben\u00e9 i d\u00edky mo\u017enosti p\u011bstov\u00e1n\u00ed na zem\u011bd\u011blsk\u00e9 p\u016fd\u011b, \u010d\u00edm\u017e pom\u00e1haj\u00ed zadr\u017eovat vodu v p\u016fd\u011b a slou\u017e\u00ed mimo jin\u00e9 i jako ochrana p\u0159ed v\u011btrnou eroz\u00ed.\u00a0<\/p>\n<p>Pevn\u00e1 biomasa je obnoviteln\u00fd zdroj. Z hlediska dopadu na emise sklen\u00edkov\u00fdch plyn\u016f m\u00e1 biomasa neutr\u00e1ln\u00ed bilanci. Za sv\u016fj \u017eivotn\u00ed cyklus rostliny akumuluj\u00ed oxid uhli\u010dit\u00fd z atmosf\u00e9ry a fixuj\u00ed jej do sv\u00e9 biomasy. N\u00e1sledn\u00fdm energetick\u00fdm vyu\u017eit\u00edm t\u00e9to biomasy doch\u00e1z\u00ed k uvoln\u011bn\u00ed ekvivalentn\u00edho mno\u017estv\u00ed uhl\u00edku do atmosf\u00e9ry, kter\u00e9 bylo rostlinou pohlceno. T\u00edm se v\u00fdrazn\u011b li\u0161\u00ed od fosiln\u00edch paliv, jako je nap\u0159\u00edklad uhl\u00ed.<\/p>\n<p>Pro \u010deskou energetiku je pevn\u00e1 biomasa skv\u011bl\u00fdm lok\u00e1ln\u00edm a udr\u017eiteln\u00fdm zdrojem paliva, kter\u00fd napom\u00e1h\u00e1 plnit evropsk\u00e9 c\u00edle odklonu od fosiln\u00edch paliv a dekarbonizace. R\u00e1di V\u00e1m poskytneme odborn\u00e9 poradenstv\u00ed v sektoru pevn\u00e9 biomasy, zejm\u00e9na v oblastech:<\/p>\n<ul>\n<li aria-level=\"1\">Evropsk\u00e1 a \u010desk\u00e1 legislativa<\/li>\n<li aria-level=\"1\">Certifikace krit\u00e9ri\u00ed udr\u017eitelnosti dle RED II (SURE, KZR INiG)<\/li>\n<li aria-level=\"1\">Kalkulace emis\u00ed sklen\u00edkov\u00fdch plyn\u016f<\/li>\n<li aria-level=\"1\">Provozn\u00ed\/investi\u010dn\u00ed podpora pro v\u00fdrobu tepla a elekt\u0159iny z biomasy<\/li>\n<li aria-level=\"1\">Doporu\u010den\u00ed ov\u011b\u0159en\u00fdch technologi\u00ed, dodavatel\u016f i odb\u011bratel\u016f paliv z biomasy<\/li>\n<\/ul>\n","protected":false},"excerpt":{"rendered":"<p>Bioenergie je d\u016fle\u017eitou sou\u010d\u00e1st\u00ed obnoviteln\u00fdch zdroj\u016f. V \u010cesk\u00e9 republice je t\u00e9m\u011b\u0159 100 licencovan\u00fdch zdroj\u016f vyu\u017e\u00edvaj\u00edc\u00ed pevnou biomasu bu\u010f jako prim\u00e1rn\u00ed nebo minoritn\u00ed palivo. Dohromady se tato za\u0159\u00edzen\u00ed pod\u00edl\u00ed na obnoviteln\u00fdch zdroj\u00edch \u010cR z 27 % (biomasa mimo dom\u00e1cnost, Obnoviteln\u00e9 zdroje v roce 2021, MPO). Pro v\u00fdrobu tepla a elekt\u0159iny z pevn\u00e9 biomasy jsou vyu\u017e\u00edv\u00e1ny zejm\u00e9na [&hellip;]<\/p>\n","protected":false},"author":3,"featured_media":512,"parent":0,"menu_order":12,"comment_status":"closed","ping_status":"closed","template":"","meta":{"_acf_changed":false,"footnotes":""},"class_list":["post-1341","page","type-page","status-publish","has-post-thumbnail","hentry"],"acf":[],"yoast_head":"<!-- This site is optimized with the Yoast SEO plugin v27.4 - https:\/\/yoast.com\/product\/yoast-seo-wordpress\/ -->\n<title>V\u00fdroba tepla a elekt\u0159iny - \u010cesk\u00e9 sdru\u017een\u00ed pro biomasu<\/title>\n<meta name=\"robots\" content=\"index, follow, max-snippet:-1, max-image-preview:large, max-video-preview:-1\" \/>\n<link rel=\"canonical\" href=\"https:\/\/www.czbiom.cz\/en\/vyroba-tepla-a-elektriny\/\" \/>\n<meta property=\"og:locale\" content=\"en_US\" \/>\n<meta property=\"og:type\" content=\"article\" \/>\n<meta property=\"og:title\" content=\"V\u00fdroba tepla a elekt\u0159iny - \u010cesk\u00e9 sdru\u017een\u00ed pro biomasu\" \/>\n<meta property=\"og:description\" content=\"Bioenergie je d\u016fle\u017eitou sou\u010d\u00e1st\u00ed obnoviteln\u00fdch zdroj\u016f. V \u010cesk\u00e9 republice je t\u00e9m\u011b\u0159 100 licencovan\u00fdch zdroj\u016f vyu\u017e\u00edvaj\u00edc\u00ed pevnou biomasu bu\u010f jako prim\u00e1rn\u00ed nebo minoritn\u00ed palivo. Dohromady se tato za\u0159\u00edzen\u00ed pod\u00edl\u00ed na obnoviteln\u00fdch zdroj\u00edch \u010cR z 27 % (biomasa mimo dom\u00e1cnost, Obnoviteln\u00e9 zdroje v roce 2021, MPO). Pro v\u00fdrobu tepla a elekt\u0159iny z pevn\u00e9 biomasy jsou vyu\u017e\u00edv\u00e1ny zejm\u00e9na [&hellip;]\" \/>\n<meta property=\"og:url\" content=\"https:\/\/www.czbiom.cz\/en\/vyroba-tepla-a-elektriny\/\" \/>\n<meta property=\"og:site_name\" content=\"\u010cesk\u00e9 sdru\u017een\u00ed pro biomasu\" \/>\n<meta property=\"article:publisher\" content=\"https:\/\/www.facebook.com\/czbiom\/\" \/>\n<meta property=\"og:image\" content=\"https:\/\/www.czbiom.cz\/wp-content\/uploads\/jplenio@Pixabay.com_II.jpg\" \/>\n\t<meta property=\"og:image:width\" content=\"1920\" \/>\n\t<meta property=\"og:image:height\" content=\"1280\" \/>\n\t<meta property=\"og:image:type\" content=\"image\/jpeg\" \/>\n<meta name=\"twitter:card\" content=\"summary_large_image\" \/>\n<meta name=\"twitter:site\" content=\"@CZBiom\" \/>\n<meta name=\"twitter:label1\" content=\"Est. reading time\" \/>\n\t<meta name=\"twitter:data1\" content=\"2 minutes\" \/>\n<script type=\"application\/ld+json\" class=\"yoast-schema-graph\">{\"@context\":\"https:\\\/\\\/schema.org\",\"@graph\":[{\"@type\":\"WebPage\",\"@id\":\"https:\\\/\\\/www.czbiom.cz\\\/en\\\/vyroba-tepla-a-elektriny\\\/\",\"url\":\"https:\\\/\\\/www.czbiom.cz\\\/en\\\/vyroba-tepla-a-elektriny\\\/\",\"name\":\"V\u00fdroba tepla a elekt\u0159iny - \u010cesk\u00e9 sdru\u017een\u00ed pro biomasu\",\"isPartOf\":{\"@id\":\"https:\\\/\\\/www.czbiom.cz\\\/en\\\/#website\"},\"primaryImageOfPage\":{\"@id\":\"https:\\\/\\\/www.czbiom.cz\\\/en\\\/vyroba-tepla-a-elektriny\\\/#primaryimage\"},\"image\":{\"@id\":\"https:\\\/\\\/www.czbiom.cz\\\/vyroba-tepla-a-elektriny\\\/#primaryimage\"},\"thumbnailUrl\":\"https:\\\/\\\/www.czbiom.cz\\\/wp-content\\\/uploads\\\/jplenio@Pixabay.com_II.jpg\",\"datePublished\":\"2024-02-23T15:00:18+00:00\",\"breadcrumb\":{\"@id\":\"https:\\\/\\\/www.czbiom.cz\\\/en\\\/vyroba-tepla-a-elektriny\\\/#breadcrumb\"},\"inLanguage\":\"en-US\",\"potentialAction\":[{\"@type\":\"ReadAction\",\"target\":[[\"https:\\\/\\\/www.czbiom.cz\\\/en\\\/vyroba-tepla-a-elektriny\\\/\"]]}]},{\"@type\":\"ImageObject\",\"inLanguage\":\"en-US\",\"@id\":\"https:\\\/\\\/www.czbiom.cz\\\/en\\\/vyroba-tepla-a-elektriny\\\/#primaryimage\",\"url\":\"https:\\\/\\\/www.czbiom.cz\\\/wp-content\\\/uploads\\\/jplenio@Pixabay.com_II.jpg\",\"contentUrl\":\"https:\\\/\\\/www.czbiom.cz\\\/wp-content\\\/uploads\\\/jplenio@Pixabay.com_II.jpg\",\"width\":1920,\"height\":1280},{\"@type\":\"BreadcrumbList\",\"@id\":\"https:\\\/\\\/www.czbiom.cz\\\/en\\\/vyroba-tepla-a-elektriny\\\/#breadcrumb\",\"itemListElement\":[{\"@type\":\"ListItem\",\"position\":1,\"name\":\"Dom\u016f\",\"item\":\"https:\\\/\\\/www.czbiom.cz\\\/en\\\/\"},{\"@type\":\"ListItem\",\"position\":2,\"name\":\"V\u00fdroba tepla a elekt\u0159iny\"}]},{\"@type\":\"WebSite\",\"@id\":\"https:\\\/\\\/www.czbiom.cz\\\/en\\\/#website\",\"url\":\"https:\\\/\\\/www.czbiom.cz\\\/en\\\/\",\"name\":\"\u010cesk\u00e9 sdru\u017een\u00ed pro biomasu\",\"description\":\"\",\"publisher\":{\"@id\":\"https:\\\/\\\/www.czbiom.cz\\\/en\\\/#organization\"},\"potentialAction\":[{\"@type\":\"SearchAction\",\"target\":{\"@type\":\"EntryPoint\",\"urlTemplate\":\"https:\\\/\\\/www.czbiom.cz\\\/en\\\/?s={search_term_string}\"},\"query-input\":{\"@type\":\"PropertyValueSpecification\",\"valueRequired\":true,\"valueName\":\"search_term_string\"}}],\"inLanguage\":\"en-US\"},{\"@type\":\"Organization\",\"@id\":\"https:\\\/\\\/www.czbiom.cz\\\/en\\\/#organization\",\"name\":\"\u010cesk\u00e9 sdru\u017een\u00ed pro biomasu\",\"url\":\"https:\\\/\\\/www.czbiom.cz\\\/en\\\/\",\"logo\":{\"@type\":\"ImageObject\",\"inLanguage\":\"en-US\",\"@id\":\"https:\\\/\\\/www.czbiom.cz\\\/en\\\/#\\\/schema\\\/logo\\\/image\\\/\",\"url\":\"https:\\\/\\\/www.czbiom.cz\\\/wp-content\\\/uploads\\\/logo-fb.png\",\"contentUrl\":\"https:\\\/\\\/www.czbiom.cz\\\/wp-content\\\/uploads\\\/logo-fb.png\",\"width\":1200,\"height\":630,\"caption\":\"\u010cesk\u00e9 sdru\u017een\u00ed pro biomasu\"},\"image\":{\"@id\":\"https:\\\/\\\/www.czbiom.cz\\\/en\\\/#\\\/schema\\\/logo\\\/image\\\/\"},\"sameAs\":[\"https:\\\/\\\/www.facebook.com\\\/czbiom\\\/\",\"https:\\\/\\\/x.com\\\/CZBiom\",\"https:\\\/\\\/www.youtube.com\\\/@czbiom5277\",\"https:\\\/\\\/www.linkedin.com\\\/company\\\/asociaceczbiom\"]}]}<\/script>\n<!-- \/ Yoast SEO plugin. -->","yoast_head_json":{"title":"V\u00fdroba tepla a elekt\u0159iny - \u010cesk\u00e9 sdru\u017een\u00ed pro biomasu","robots":{"index":"index","follow":"follow","max-snippet":"max-snippet:-1","max-image-preview":"max-image-preview:large","max-video-preview":"max-video-preview:-1"},"canonical":"https:\/\/www.czbiom.cz\/en\/vyroba-tepla-a-elektriny\/","og_locale":"en_US","og_type":"article","og_title":"V\u00fdroba tepla a elekt\u0159iny - \u010cesk\u00e9 sdru\u017een\u00ed pro biomasu","og_description":"Bioenergie je d\u016fle\u017eitou sou\u010d\u00e1st\u00ed obnoviteln\u00fdch zdroj\u016f. V \u010cesk\u00e9 republice je t\u00e9m\u011b\u0159 100 licencovan\u00fdch zdroj\u016f vyu\u017e\u00edvaj\u00edc\u00ed pevnou biomasu bu\u010f jako prim\u00e1rn\u00ed nebo minoritn\u00ed palivo. Dohromady se tato za\u0159\u00edzen\u00ed pod\u00edl\u00ed na obnoviteln\u00fdch zdroj\u00edch \u010cR z 27 % (biomasa mimo dom\u00e1cnost, Obnoviteln\u00e9 zdroje v roce 2021, MPO). Pro v\u00fdrobu tepla a elekt\u0159iny z pevn\u00e9 biomasy jsou vyu\u017e\u00edv\u00e1ny zejm\u00e9na [&hellip;]","og_url":"https:\/\/www.czbiom.cz\/en\/vyroba-tepla-a-elektriny\/","og_site_name":"\u010cesk\u00e9 sdru\u017een\u00ed pro biomasu","article_publisher":"https:\/\/www.facebook.com\/czbiom\/","og_image":[{"width":1920,"height":1280,"url":"https:\/\/www.czbiom.cz\/wp-content\/uploads\/jplenio@Pixabay.com_II.jpg","type":"image\/jpeg"}],"twitter_card":"summary_large_image","twitter_site":"@CZBiom","twitter_misc":{"Est. reading time":"2 minutes"},"schema":{"@context":"https:\/\/schema.org","@graph":[{"@type":"WebPage","@id":"https:\/\/www.czbiom.cz\/en\/vyroba-tepla-a-elektriny\/","url":"https:\/\/www.czbiom.cz\/en\/vyroba-tepla-a-elektriny\/","name":"V\u00fdroba tepla a elekt\u0159iny - \u010cesk\u00e9 sdru\u017een\u00ed pro biomasu","isPartOf":{"@id":"https:\/\/www.czbiom.cz\/en\/#website"},"primaryImageOfPage":{"@id":"https:\/\/www.czbiom.cz\/en\/vyroba-tepla-a-elektriny\/#primaryimage"},"image":{"@id":"https:\/\/www.czbiom.cz\/vyroba-tepla-a-elektriny\/#primaryimage"},"thumbnailUrl":"https:\/\/www.czbiom.cz\/wp-content\/uploads\/jplenio@Pixabay.com_II.jpg","datePublished":"2024-02-23T15:00:18+00:00","breadcrumb":{"@id":"https:\/\/www.czbiom.cz\/en\/vyroba-tepla-a-elektriny\/#breadcrumb"},"inLanguage":"en-US","potentialAction":[{"@type":"ReadAction","target":[["https:\/\/www.czbiom.cz\/en\/vyroba-tepla-a-elektriny\/"]]}]},{"@type":"ImageObject","inLanguage":"en-US","@id":"https:\/\/www.czbiom.cz\/en\/vyroba-tepla-a-elektriny\/#primaryimage","url":"https:\/\/www.czbiom.cz\/wp-content\/uploads\/jplenio@Pixabay.com_II.jpg","contentUrl":"https:\/\/www.czbiom.cz\/wp-content\/uploads\/jplenio@Pixabay.com_II.jpg","width":1920,"height":1280},{"@type":"BreadcrumbList","@id":"https:\/\/www.czbiom.cz\/en\/vyroba-tepla-a-elektriny\/#breadcrumb","itemListElement":[{"@type":"ListItem","position":1,"name":"Dom\u016f","item":"https:\/\/www.czbiom.cz\/en\/"},{"@type":"ListItem","position":2,"name":"V\u00fdroba tepla a elekt\u0159iny"}]},{"@type":"WebSite","@id":"https:\/\/www.czbiom.cz\/en\/#website","url":"https:\/\/www.czbiom.cz\/en\/","name":"\u010cesk\u00e9 sdru\u017een\u00ed pro biomasu","description":"","publisher":{"@id":"https:\/\/www.czbiom.cz\/en\/#organization"},"potentialAction":[{"@type":"SearchAction","target":{"@type":"EntryPoint","urlTemplate":"https:\/\/www.czbiom.cz\/en\/?s={search_term_string}"},"query-input":{"@type":"PropertyValueSpecification","valueRequired":true,"valueName":"search_term_string"}}],"inLanguage":"en-US"},{"@type":"Organization","@id":"https:\/\/www.czbiom.cz\/en\/#organization","name":"\u010cesk\u00e9 sdru\u017een\u00ed pro biomasu","url":"https:\/\/www.czbiom.cz\/en\/","logo":{"@type":"ImageObject","inLanguage":"en-US","@id":"https:\/\/www.czbiom.cz\/en\/#\/schema\/logo\/image\/","url":"https:\/\/www.czbiom.cz\/wp-content\/uploads\/logo-fb.png","contentUrl":"https:\/\/www.czbiom.cz\/wp-content\/uploads\/logo-fb.png","width":1200,"height":630,"caption":"\u010cesk\u00e9 sdru\u017een\u00ed pro biomasu"},"image":{"@id":"https:\/\/www.czbiom.cz\/en\/#\/schema\/logo\/image\/"},"sameAs":["https:\/\/www.facebook.com\/czbiom\/","https:\/\/x.com\/CZBiom","https:\/\/www.youtube.com\/@czbiom5277","https:\/\/www.linkedin.com\/company\/asociaceczbiom"]}]}},"_links":{"self":[{"href":"https:\/\/www.czbiom.cz\/en\/wp-json\/wp\/v2\/pages\/1341","targetHints":{"allow":["GET"]}}],"collection":[{"href":"https:\/\/www.czbiom.cz\/en\/wp-json\/wp\/v2\/pages"}],"about":[{"href":"https:\/\/www.czbiom.cz\/en\/wp-json\/wp\/v2\/types\/page"}],"author":[{"embeddable":true,"href":"https:\/\/www.czbiom.cz\/en\/wp-json\/wp\/v2\/users\/3"}],"replies":[{"embeddable":true,"href":"https:\/\/www.czbiom.cz\/en\/wp-json\/wp\/v2\/comments?post=1341"}],"version-history":[{"count":1,"href":"https:\/\/www.czbiom.cz\/en\/wp-json\/wp\/v2\/pages\/1341\/revisions"}],"predecessor-version":[{"id":1342,"href":"https:\/\/www.czbiom.cz\/en\/wp-json\/wp\/v2\/pages\/1341\/revisions\/1342"}],"wp:featuredmedia":[{"embeddable":true,"href":"https:\/\/www.czbiom.cz\/en\/wp-json\/wp\/v2\/media\/512"}],"wp:attachment":[{"href":"https:\/\/www.czbiom.cz\/en\/wp-json\/wp\/v2\/media?parent=1341"}],"curies":[{"name":"wp","href":"https:\/\/api.w.org\/{rel}","templated":true}]}}