{"id":927,"date":"2023-01-23T15:38:44","date_gmt":"2023-01-23T14:38:44","guid":{"rendered":"https:\/\/www.czbiom.cz\/?post_type=akce&#038;p=927"},"modified":"2023-03-01T09:33:56","modified_gmt":"2023-03-01T08:33:56","slug":"schuze-teplo-2023","status":"publish","type":"akce","link":"https:\/\/www.czbiom.cz\/en\/akce\/schuze-teplo-2023\/","title":{"rendered":"Sch\u016fze sekce V\u00fdroba tepla a elekt\u0159iny z biomasy"},"content":{"rendered":"<p>Dne 23. \u00fanora 2023 se uskute\u010dnila sch\u016fze sekce V\u00fdroba tepla a elekt\u0159iny z biomasy.<\/p>\n<p>Prezentace z akce je ke sta\u017een\u00ed <a href=\"https:\/\/www.czbiom.cz\/wp-content\/uploads\/Schuze-sekce-pevna-biomasa-2023-compressed.pdf\">ZDE<\/a>.<\/p>\n<p>&nbsp;<\/p>\n<p>Akce je pouze pro \u010dleny CZ Biom, p\u0159\u00edp. pro p\u0159ihl\u00e1\u0161en\u00e9 a zat\u00edm neschv\u00e1len\u00e9 \u010dleny.<\/p>\n<p>Akce je pro \u00fa\u010dastn\u00edky zdarma.<\/p>\n<p>Akce se bude konat pouze fyzicky, <strong>online p\u0159enos nebude<\/strong> zaji\u0161t\u011bn!<\/p>\n<p>B\u011bhem akce bude zaji\u0161t\u011bno drobn\u00e9 ob\u010derstven\u00ed.<\/p>\n<p><strong>Za\u010d\u00e1tek 23.2.2023 od 9:30. <\/strong>Program je pl\u00e1nov\u00e1n do cca 12:30 a pot\u00e9 n\u00e1sleduje spole\u010dn\u00fd ob\u011bd.<strong><br \/>\n<\/strong><\/p>\n<p>&nbsp;<\/p>\n<h2>Program<\/h2>\n<table style=\"width: 83.4875%; height: 712px;\">\n<tbody>\n<tr style=\"height: 56px;\">\n<td style=\"width: 16.9148%; height: 56px;\">\n<p><b>\u010cas<\/b><\/p>\n<\/td>\n<td style=\"width: 40.8579%; height: 56px;\">\n<p><b>T\u00e9ma<\/b><\/p>\n<\/td>\n<td style=\"width: 24.5425%; height: 56px;\">\n<p><b>Prezentuj\u00edc\u00ed<\/b><\/p>\n<\/td>\n<\/tr>\n<tr style=\"height: 72px;\">\n<td style=\"width: 16.9148%; height: 176px;\" rowspan=\"2\">\n<p>9:30 &#8211; 10:00<\/p>\n<\/td>\n<td style=\"width: 40.8579%; height: 72px;\">\n<p>P\u0159\u00edprava na diskuzi ERU ke stanoven\u00ed provozn\u00ed podpory tepla pro nov\u00e9 zdroje<\/p>\n<\/td>\n<td style=\"width: 24.5425%; height: 176px;\" rowspan=\"2\">\n<p><b>Jan Habart<\/b> (CZ Biom)<b><br \/>\n<\/b><\/p>\n<\/td>\n<\/tr>\n<tr style=\"height: 104px;\">\n<td style=\"width: 40.8579%; height: 104px;\">\n<p>Aktualizace n\u00e1klad\u016f na palivo pro st\u00e1vaj\u00edc\u00ed zdroje<\/p>\n<\/td>\n<\/tr>\n<tr style=\"height: 104px;\">\n<td style=\"width: 16.9148%; height: 104px;\">\n<p>10:00 &#8211; 10:45<\/p>\n<\/td>\n<td style=\"width: 40.8579%; height: 104px;\">\n<p>Odvod z nadm\u011brn\u00fdch p\u0159\u00edjmu z prodeje elekt\u0159iny, zp\u011btn\u00e1 v\u00fdplata podpory a jak na to<\/p>\n<\/td>\n<td style=\"width: 24.5425%; height: 104px;\">\n<p><b>Lud\u011bk \u0160ikola<\/b> (Doucha \u0160ikola advok\u00e1ti)<\/p>\n<\/td>\n<\/tr>\n<tr style=\"height: 104px;\">\n<td style=\"width: 16.9148%; height: 104px;\">\n<p>10:45 &#8211; 11:00<\/p>\n<\/td>\n<td style=\"width: 40.8579%; height: 104px;\">\n<p>Certifikace dodavatelsk\u00e9ho a v\u00fdrobn\u00edho \u0159et\u011bzce, \u010dtvrtletn\u00ed hl\u00e1\u0161en\u00ed syst\u00e9mu KZR INIG pro krit\u00e9ria udr\u017eitelnosti<\/p>\n<\/td>\n<td style=\"width: 24.5425%; height: 104px;\">\n<p><b>Julie Daj\u010dl <\/b>(CZ Biom)<\/p>\n<\/td>\n<\/tr>\n<tr style=\"height: 80px;\">\n<td style=\"width: 16.9148%; height: 80px;\">\n<p>10:40 &#8211; 11:00<\/p>\n<\/td>\n<td style=\"width: 40.8579%; height: 80px;\">\n<p>P\u0159ehled investi\u010dn\u00edch dotac\u00ed<\/p>\n<\/td>\n<td style=\"width: 24.5425%; height: 80px;\">\n<p><b>Ond\u0159ej Tom\u0161ej<\/b> (MPO TBC)<\/p>\n<\/td>\n<\/tr>\n<tr style=\"height: 56px;\">\n<td style=\"width: 16.9148%; height: 136px;\" rowspan=\"2\">\n<p>11:00 &#8211; 11:30<\/p>\n<\/td>\n<td style=\"width: 40.8579%; height: 56px;\">\n<p>V\u00fdvoj evropsk\u00e9 legislativy<\/p>\n<\/td>\n<td style=\"width: 24.5425%; height: 136px;\" rowspan=\"2\">\n<p><b>Jan Habart <\/b>(CZ Biom)<\/p>\n<\/td>\n<\/tr>\n<tr style=\"height: 80px;\">\n<td style=\"width: 40.8579%; height: 80px;\">\n<p>Propagace vyu\u017eit\u00ed biomasy: p\u0159eklad videa<\/p>\n<\/td>\n<\/tr>\n<tr style=\"height: 56px;\">\n<td style=\"width: 16.9148%; height: 56px;\">\n<p>11:30 &#8211; 12:30<\/p>\n<\/td>\n<td style=\"width: 40.8579%; height: 56px;\">\n<p>Diskuse<\/p>\n<\/td>\n<td style=\"width: 24.5425%; height: 56px;\">\u00a0<\/td>\n<\/tr>\n<\/tbody>\n<\/table>\n<p>&nbsp;<\/p>\n<h2>M\u00edsto kon\u00e1n\u00ed<\/h2>\n<p>Hotel Akademie Nah\u00e1\u010d<\/p>\n<p><span class=\"LrzXr\">Komorn\u00ed Hr\u00e1dek 277<\/span><\/p>\n<p>257 24 Chocerady<\/p>\n<p>GPS sou\u0159adnice: 49.8617619N, 14.7922983E<\/p>\n<p><strong>v t\u011bsn\u00e9 bl\u00edzkosti oboustrann\u00e9ho sjezdu z d\u00e1lnice D1 = exit 29 \u2013 \u010cer\u010dany, Chocerady<\/strong><\/p>\n<p>&nbsp;<\/p>\n<h2><em>GDPR prohl\u00e1\u0161en\u00ed<\/em><\/h2>\n<p><em>\u00da\u010dastn\u00edk akce (subjekt \u00fadaj\u016f) d\u00e1v\u00e1 sv\u00fdm podpisem souhlas se zpracov\u00e1n\u00edm sv\u00fdch osobn\u00edch \u00fadaj\u016f, tedy jm\u00e9na, p\u0159\u00edjmen\u00ed, emailu a jin\u00fdch kontaktn\u00edch \u00fadaj\u016f a fotografick\u00fdch materi\u00e1l\u016f z konference\/semin\u00e1\u0159e CZ Biom &#8211; \u010cesk\u00e9 sdru\u017een\u00ed pro biomasu,\u00a0\u00a0z.s., s\u00eddlem Drnovsk\u00e1 507\/73, Ruzyn\u011b, 161 00 Praha, I\u010c: 61383929. CZ Biom &#8211; \u010cesk\u00e9 sdru\u017een\u00ed pro biomasu,\u00a0\u00a0z.s. zpracuje osobn\u00ed \u00fadaje pro \u00fa\u010dely zas\u00edl\u00e1n\u00ed pozv\u00e1nek na budouc\u00ed akce a informov\u00e1n\u00ed o aktivit\u00e1ch CZ Biom prost\u0159ednictv\u00edm emailu. Subjekt \u00fadaj\u016f m\u00e1 mo\u017enost ud\u011blen\u00fd souhlas kdykoliv odvolat dopisem nebo emailem na <a href=\"mailto:sekretariat@biom.cz\">sekretariat@biom.cz<\/a><\/em><\/p>\n<p><em>(V p\u0159\u00edpad\u011b nesouhlasu V\u00e1m CZ Biom nebude moci zas\u00edlat informa\u010dn\u00ed emaily a ve\u0161ker\u00e1 komunikace bude muset prob\u00edhat korespondenc\u00ed!)\u00a0<\/em><\/p>\n<p>&nbsp;<\/p>\n<h2>Registrace<\/h2>\n<p>Pro \u00fa\u010dast na akci je pot\u0159eba <strong>registrace<\/strong>.<\/p>\n<p>V p\u0159\u00edpad\u011b <strong>registrace v\u00edce osob, vyu\u017eijte pros\u00edm registra\u010dn\u00ed formul\u00e1\u0159 opakovan\u011b<\/strong>. Neregistrujte v jednom formul\u00e1\u0159i v\u00edce osob!<\/p>\n","protected":false},"template":"","categories":[51,21],"class_list":["post-927","akce","type-akce","status-publish","hentry","category-51","category-prehled-akci"],"acf":[],"yoast_head":"<!-- This site is optimized with the Yoast SEO plugin v27.4 - https:\/\/yoast.com\/product\/yoast-seo-wordpress\/ -->\n<title>Sch\u016fze sekce V\u00fdroba tepla a elekt\u0159iny z biomasy - \u010cesk\u00e9 sdru\u017een\u00ed pro biomasu<\/title>\n<meta name=\"robots\" content=\"index, follow, max-snippet:-1, max-image-preview:large, max-video-preview:-1\" \/>\n<link rel=\"canonical\" href=\"https:\/\/www.czbiom.cz\/en\/akce\/schuze-teplo-2023\/\" \/>\n<meta property=\"og:locale\" content=\"en_US\" \/>\n<meta property=\"og:type\" content=\"article\" \/>\n<meta property=\"og:title\" content=\"Sch\u016fze sekce V\u00fdroba tepla a elekt\u0159iny z biomasy - \u010cesk\u00e9 sdru\u017een\u00ed pro biomasu\" \/>\n<meta property=\"og:description\" content=\"Dne 23. \u00fanora 2023 se uskute\u010dnila sch\u016fze sekce V\u00fdroba tepla a elekt\u0159iny z biomasy. Prezentace z akce je ke sta\u017een\u00ed ZDE. &nbsp; Akce je pouze pro \u010dleny CZ Biom, p\u0159\u00edp. pro p\u0159ihl\u00e1\u0161en\u00e9 a zat\u00edm neschv\u00e1len\u00e9 \u010dleny. Akce je pro \u00fa\u010dastn\u00edky zdarma. Akce se bude konat pouze fyzicky, online p\u0159enos nebude zaji\u0161t\u011bn! B\u011bhem akce bude zaji\u0161t\u011bno [&hellip;]\" \/>\n<meta property=\"og:url\" content=\"https:\/\/www.czbiom.cz\/en\/akce\/schuze-teplo-2023\/\" \/>\n<meta property=\"og:site_name\" content=\"\u010cesk\u00e9 sdru\u017een\u00ed pro biomasu\" \/>\n<meta property=\"article:publisher\" content=\"https:\/\/www.facebook.com\/czbiom\/\" \/>\n<meta property=\"article:modified_time\" content=\"2023-03-01T08:33:56+00:00\" \/>\n<meta property=\"og:image\" content=\"https:\/\/www.czbiom.cz\/wp-content\/uploads\/logo-fb.png\" \/>\n\t<meta property=\"og:image:width\" content=\"1200\" \/>\n\t<meta property=\"og:image:height\" content=\"630\" \/>\n\t<meta property=\"og:image:type\" content=\"image\/png\" \/>\n<meta name=\"twitter:card\" content=\"summary_large_image\" \/>\n<meta name=\"twitter:site\" content=\"@CZBiom\" \/>\n<meta name=\"twitter:label1\" content=\"Est. reading time\" \/>\n\t<meta name=\"twitter:data1\" content=\"2 minutes\" \/>\n<script type=\"application\/ld+json\" class=\"yoast-schema-graph\">{\"@context\":\"https:\\\/\\\/schema.org\",\"@graph\":[{\"@type\":\"WebPage\",\"@id\":\"https:\\\/\\\/www.czbiom.cz\\\/en\\\/akce\\\/schuze-teplo-2023\\\/\",\"url\":\"https:\\\/\\\/www.czbiom.cz\\\/en\\\/akce\\\/schuze-teplo-2023\\\/\",\"name\":\"Sch\u016fze sekce V\u00fdroba tepla a elekt\u0159iny z biomasy - \u010cesk\u00e9 sdru\u017een\u00ed pro biomasu\",\"isPartOf\":{\"@id\":\"https:\\\/\\\/www.czbiom.cz\\\/en\\\/#website\"},\"datePublished\":\"2023-01-23T14:38:44+00:00\",\"dateModified\":\"2023-03-01T08:33:56+00:00\",\"breadcrumb\":{\"@id\":\"https:\\\/\\\/www.czbiom.cz\\\/en\\\/akce\\\/schuze-teplo-2023\\\/#breadcrumb\"},\"inLanguage\":\"en-US\",\"potentialAction\":[{\"@type\":\"ReadAction\",\"target\":[[\"https:\\\/\\\/www.czbiom.cz\\\/en\\\/akce\\\/schuze-teplo-2023\\\/\"]]}]},{\"@type\":\"BreadcrumbList\",\"@id\":\"https:\\\/\\\/www.czbiom.cz\\\/en\\\/akce\\\/schuze-teplo-2023\\\/#breadcrumb\",\"itemListElement\":[{\"@type\":\"ListItem\",\"position\":1,\"name\":\"Dom\u016f\",\"item\":\"https:\\\/\\\/www.czbiom.cz\\\/en\\\/\"},{\"@type\":\"ListItem\",\"position\":2,\"name\":\"Sch\u016fze sekce V\u00fdroba tepla a elekt\u0159iny z biomasy\"}]},{\"@type\":\"WebSite\",\"@id\":\"https:\\\/\\\/www.czbiom.cz\\\/en\\\/#website\",\"url\":\"https:\\\/\\\/www.czbiom.cz\\\/en\\\/\",\"name\":\"\u010cesk\u00e9 sdru\u017een\u00ed pro biomasu\",\"description\":\"\",\"publisher\":{\"@id\":\"https:\\\/\\\/www.czbiom.cz\\\/en\\\/#organization\"},\"potentialAction\":[{\"@type\":\"SearchAction\",\"target\":{\"@type\":\"EntryPoint\",\"urlTemplate\":\"https:\\\/\\\/www.czbiom.cz\\\/en\\\/?s={search_term_string}\"},\"query-input\":{\"@type\":\"PropertyValueSpecification\",\"valueRequired\":true,\"valueName\":\"search_term_string\"}}],\"inLanguage\":\"en-US\"},{\"@type\":\"Organization\",\"@id\":\"https:\\\/\\\/www.czbiom.cz\\\/en\\\/#organization\",\"name\":\"\u010cesk\u00e9 sdru\u017een\u00ed pro biomasu\",\"url\":\"https:\\\/\\\/www.czbiom.cz\\\/en\\\/\",\"logo\":{\"@type\":\"ImageObject\",\"inLanguage\":\"en-US\",\"@id\":\"https:\\\/\\\/www.czbiom.cz\\\/en\\\/#\\\/schema\\\/logo\\\/image\\\/\",\"url\":\"https:\\\/\\\/www.czbiom.cz\\\/wp-content\\\/uploads\\\/logo-fb.png\",\"contentUrl\":\"https:\\\/\\\/www.czbiom.cz\\\/wp-content\\\/uploads\\\/logo-fb.png\",\"width\":1200,\"height\":630,\"caption\":\"\u010cesk\u00e9 sdru\u017een\u00ed pro biomasu\"},\"image\":{\"@id\":\"https:\\\/\\\/www.czbiom.cz\\\/en\\\/#\\\/schema\\\/logo\\\/image\\\/\"},\"sameAs\":[\"https:\\\/\\\/www.facebook.com\\\/czbiom\\\/\",\"https:\\\/\\\/x.com\\\/CZBiom\",\"https:\\\/\\\/www.youtube.com\\\/@czbiom5277\",\"https:\\\/\\\/www.linkedin.com\\\/company\\\/asociaceczbiom\"]}]}<\/script>\n<!-- \/ Yoast SEO plugin. -->","yoast_head_json":{"title":"Sch\u016fze sekce V\u00fdroba tepla a elekt\u0159iny z biomasy - \u010cesk\u00e9 sdru\u017een\u00ed pro biomasu","robots":{"index":"index","follow":"follow","max-snippet":"max-snippet:-1","max-image-preview":"max-image-preview:large","max-video-preview":"max-video-preview:-1"},"canonical":"https:\/\/www.czbiom.cz\/en\/akce\/schuze-teplo-2023\/","og_locale":"en_US","og_type":"article","og_title":"Sch\u016fze sekce V\u00fdroba tepla a elekt\u0159iny z biomasy - \u010cesk\u00e9 sdru\u017een\u00ed pro biomasu","og_description":"Dne 23. \u00fanora 2023 se uskute\u010dnila sch\u016fze sekce V\u00fdroba tepla a elekt\u0159iny z biomasy. Prezentace z akce je ke sta\u017een\u00ed ZDE. &nbsp; Akce je pouze pro \u010dleny CZ Biom, p\u0159\u00edp. pro p\u0159ihl\u00e1\u0161en\u00e9 a zat\u00edm neschv\u00e1len\u00e9 \u010dleny. Akce je pro \u00fa\u010dastn\u00edky zdarma. Akce se bude konat pouze fyzicky, online p\u0159enos nebude zaji\u0161t\u011bn! B\u011bhem akce bude zaji\u0161t\u011bno [&hellip;]","og_url":"https:\/\/www.czbiom.cz\/en\/akce\/schuze-teplo-2023\/","og_site_name":"\u010cesk\u00e9 sdru\u017een\u00ed pro biomasu","article_publisher":"https:\/\/www.facebook.com\/czbiom\/","article_modified_time":"2023-03-01T08:33:56+00:00","og_image":[{"width":1200,"height":630,"url":"https:\/\/www.czbiom.cz\/wp-content\/uploads\/logo-fb.png","type":"image\/png"}],"twitter_card":"summary_large_image","twitter_site":"@CZBiom","twitter_misc":{"Est. reading time":"2 minutes"},"schema":{"@context":"https:\/\/schema.org","@graph":[{"@type":"WebPage","@id":"https:\/\/www.czbiom.cz\/en\/akce\/schuze-teplo-2023\/","url":"https:\/\/www.czbiom.cz\/en\/akce\/schuze-teplo-2023\/","name":"Sch\u016fze sekce V\u00fdroba tepla a elekt\u0159iny z biomasy - \u010cesk\u00e9 sdru\u017een\u00ed pro biomasu","isPartOf":{"@id":"https:\/\/www.czbiom.cz\/en\/#website"},"datePublished":"2023-01-23T14:38:44+00:00","dateModified":"2023-03-01T08:33:56+00:00","breadcrumb":{"@id":"https:\/\/www.czbiom.cz\/en\/akce\/schuze-teplo-2023\/#breadcrumb"},"inLanguage":"en-US","potentialAction":[{"@type":"ReadAction","target":[["https:\/\/www.czbiom.cz\/en\/akce\/schuze-teplo-2023\/"]]}]},{"@type":"BreadcrumbList","@id":"https:\/\/www.czbiom.cz\/en\/akce\/schuze-teplo-2023\/#breadcrumb","itemListElement":[{"@type":"ListItem","position":1,"name":"Dom\u016f","item":"https:\/\/www.czbiom.cz\/en\/"},{"@type":"ListItem","position":2,"name":"Sch\u016fze sekce V\u00fdroba tepla a elekt\u0159iny z biomasy"}]},{"@type":"WebSite","@id":"https:\/\/www.czbiom.cz\/en\/#website","url":"https:\/\/www.czbiom.cz\/en\/","name":"\u010cesk\u00e9 sdru\u017een\u00ed pro biomasu","description":"","publisher":{"@id":"https:\/\/www.czbiom.cz\/en\/#organization"},"potentialAction":[{"@type":"SearchAction","target":{"@type":"EntryPoint","urlTemplate":"https:\/\/www.czbiom.cz\/en\/?s={search_term_string}"},"query-input":{"@type":"PropertyValueSpecification","valueRequired":true,"valueName":"search_term_string"}}],"inLanguage":"en-US"},{"@type":"Organization","@id":"https:\/\/www.czbiom.cz\/en\/#organization","name":"\u010cesk\u00e9 sdru\u017een\u00ed pro biomasu","url":"https:\/\/www.czbiom.cz\/en\/","logo":{"@type":"ImageObject","inLanguage":"en-US","@id":"https:\/\/www.czbiom.cz\/en\/#\/schema\/logo\/image\/","url":"https:\/\/www.czbiom.cz\/wp-content\/uploads\/logo-fb.png","contentUrl":"https:\/\/www.czbiom.cz\/wp-content\/uploads\/logo-fb.png","width":1200,"height":630,"caption":"\u010cesk\u00e9 sdru\u017een\u00ed pro biomasu"},"image":{"@id":"https:\/\/www.czbiom.cz\/en\/#\/schema\/logo\/image\/"},"sameAs":["https:\/\/www.facebook.com\/czbiom\/","https:\/\/x.com\/CZBiom","https:\/\/www.youtube.com\/@czbiom5277","https:\/\/www.linkedin.com\/company\/asociaceczbiom"]}]}},"_links":{"self":[{"href":"https:\/\/www.czbiom.cz\/en\/wp-json\/wp\/v2\/akce\/927","targetHints":{"allow":["GET"]}}],"collection":[{"href":"https:\/\/www.czbiom.cz\/en\/wp-json\/wp\/v2\/akce"}],"about":[{"href":"https:\/\/www.czbiom.cz\/en\/wp-json\/wp\/v2\/types\/akce"}],"wp:attachment":[{"href":"https:\/\/www.czbiom.cz\/en\/wp-json\/wp\/v2\/media?parent=927"}],"wp:term":[{"taxonomy":"category","embeddable":true,"href":"https:\/\/www.czbiom.cz\/en\/wp-json\/wp\/v2\/categories?post=927"}],"curies":[{"name":"wp","href":"https:\/\/api.w.org\/{rel}","templated":true}]}}