{"id":812,"date":"2022-08-23T19:32:33","date_gmt":"2022-08-23T17:32:33","guid":{"rendered":"https:\/\/www.czbiom.cz\/?post_type=akce&#038;p=812"},"modified":"2022-11-21T14:53:17","modified_gmt":"2022-11-21T13:53:17","slug":"bbe-2022","status":"publish","type":"akce","link":"https:\/\/www.czbiom.cz\/en\/akce\/bbe-2022\/","title":{"rendered":"Konference Biomasa, bioplyn a energetika 2022"},"content":{"rendered":"<p><strong>Ve dnech 8. &#8211; 9. listopadu 2022 se uskute\u010dn\u00ed ji\u017e tradi\u010dn\u00ed podzimn\u00ed akce CZ Biom v\u011bnovan\u00e1 t\u00e9mat\u016fm z oblasti biomasy, bioplynu a energetiky. Letos se setk\u00e1me v <a href=\"https:\/\/www.hotel-valec.cz\/\">Hotelu Z\u00e1mek Vale\u010d<\/a><\/strong><\/p>\n<p>Tato konference se bude konat fyzicky a bude p\u0159en\u00e1\u0161ena i <strong>online. Z\u00e1znam z akce je dotupn\u00fd <a href=\"https:\/\/www.youtube.com\/watch?v=gxoTg0S8MAQ\">ZDE<\/a>.<br \/>\n<\/strong><\/p>\n<table class=\" aligncenter\" style=\"height: 1035px; width: 85.6859%;\" width=\"85.6859%\">\n<tbody>\n<tr style=\"height: 27px;\">\n<td style=\"width: 98.3645%; background-color: #85ba1a; text-align: center; height: 27px;\" colspan=\"6\" width=\"352\"><span style=\"font-size: 14pt;\"><strong>PROGRAM 8. listopadu 2022<\/strong><\/span><\/td>\n<\/tr>\n<tr style=\"height: 24px;\">\n<td style=\"text-align: center; width: 8.64486%; background-color: #7eb821; height: 24px;\"><strong>Moderuje<\/strong><\/td>\n<td style=\"text-align: center; width: 6.89252%; background-color: #7eb821; height: 24px;\"><strong>Za\u010d\u00e1tek<\/strong><\/td>\n<td style=\"text-align: center; width: 10.8645%; background-color: #7eb821; height: 24px;\"><strong>Po\u0159ad\u00ed<\/strong><\/td>\n<td style=\"text-align: center; width: 20.4439%; background-color: #7eb821; height: 24px;\"><strong>P\u0159edn\u00e1\u0161ej\u00edc\u00ed<\/strong><\/td>\n<td style=\"text-align: center; width: 19.536%; background-color: #7eb821; height: 24px;\"><strong>Organizace<\/strong><\/td>\n<td style=\"text-align: center; width: 31.9827%; background-color: #7eb821; height: 24px;\"><strong>Prezentace<\/strong><\/td>\n<\/tr>\n<tr style=\"height: 24px;\">\n<td style=\"text-align: center; width: 8.64486%; height: 24px; background-color: #b2c23e;\">\u00a0<\/td>\n<td style=\"text-align: center; width: 6.89252%; height: 24px; background-color: #b2c23e;\"><strong>8:00<\/strong><\/td>\n<td style=\"width: 31.3084%; text-align: left; height: 24px; background-color: #b2c23e;\" colspan=\"2\"><strong>registrace<\/strong><\/td>\n<td style=\"text-align: center; width: 19.536%; height: 24px; background-color: #b2c23e;\">\u00a0<\/td>\n<td style=\"text-align: center; width: 31.9827%; height: 24px; background-color: #b2c23e;\">\u00a0<\/td>\n<\/tr>\n<tr style=\"height: 24px;\">\n<td style=\"text-align: center; width: 8.64486%; height: 216px;\" rowspan=\"7\">Jan Habart<\/td>\n<td style=\"text-align: center; width: 6.89252%; height: 24px;\">9:00<\/td>\n<td style=\"text-align: center; width: 10.8645%; height: 24px;\">1<\/td>\n<td style=\"text-align: center; width: 20.4439%; height: 24px;\">Jan Habart<\/td>\n<td style=\"text-align: center; width: 19.536%; height: 24px;\">CZ Biom<\/td>\n<td style=\"text-align: center; width: 31.9827%; height: 24px;\">\u00davod<\/td>\n<\/tr>\n<tr style=\"height: 24px;\">\n<td style=\"text-align: center; width: 6.89252%; height: 24px; background-color: #cce88b;\">9:05<\/td>\n<td style=\"text-align: center; width: 10.8645%; height: 24px; background-color: #cce88b;\">2<\/td>\n<td style=\"text-align: center; width: 20.4439%; height: 24px; background-color: #cce88b;\">Adam Moravec<\/td>\n<td style=\"text-align: center; width: 19.536%; height: 24px; background-color: #cce88b;\">CZ Biom<\/td>\n<td style=\"text-align: center; width: 31.9827%; height: 24px; background-color: #cce88b;\"><a href=\"https:\/\/www.czbiom.cz\/wp-content\/uploads\/2_Adam-Moravec_CZ-Biom.pdf\">Aktuality z oboru bioplyn<\/a><\/td>\n<\/tr>\n<tr style=\"height: 24px;\">\n<td style=\"text-align: center; width: 6.89252%; height: 24px;\">9:25<\/td>\n<td style=\"text-align: center; width: 10.8645%; height: 24px;\">3<\/td>\n<td style=\"text-align: center; width: 20.4439%; height: 24px;\">Jan Habart<\/td>\n<td style=\"text-align: center; width: 19.536%; height: 24px;\">CZ Biom<\/td>\n<td style=\"text-align: center; width: 31.9827%; height: 24px;\"><a href=\"https:\/\/www.czbiom.cz\/wp-content\/uploads\/3_Jan-Habart_CZ-Biom.pdf\">Aktuality z oboru biomasa<\/a><\/td>\n<\/tr>\n<tr style=\"height: 48px;\">\n<td style=\"text-align: center; width: 6.89252%; height: 48px; background-color: #cce88b;\">9:40<\/td>\n<td style=\"text-align: center; width: 10.8645%; height: 48px; background-color: #cce88b;\">4<\/td>\n<td style=\"text-align: center; width: 20.4439%; height: 48px; background-color: #cce88b;\">Lud\u011bk \u0160ikola<\/td>\n<td style=\"text-align: center; width: 19.536%; height: 48px; background-color: #cce88b;\">Doucha \u0160ikola Advok\u00e1ti<\/td>\n<td style=\"text-align: center; width: 31.9827%; height: 48px; background-color: #cce88b;\"><a href=\"https:\/\/www.czbiom.cz\/wp-content\/uploads\/4_S\u030cikola_Bio_energetika-2022.pdf\">Aktuality z legislativy<\/a><\/td>\n<\/tr>\n<tr style=\"height: 24px;\">\n<td style=\"text-align: center; width: 6.89252%; height: 24px;\">10:00<\/td>\n<td style=\"text-align: center; width: 10.8645%; height: 24px;\">5<\/td>\n<td style=\"text-align: center; width: 20.4439%; height: 24px;\">Julie Daj\u010dl<\/td>\n<td style=\"text-align: center; width: 19.536%; height: 24px;\">CZ Biom<\/td>\n<td style=\"text-align: center; width: 31.9827%; height: 24px;\"><a href=\"https:\/\/www.czbiom.cz\/wp-content\/uploads\/5_Julie-Dajc\u030cl_Jak-pokrac\u030cuji\u0301-krite\u0301ria-udrz\u030citelnosti.pdf\">Jak pokra\u010duj\u00ed krit\u00e9ria udr\u017eitelnosti<\/a><\/td>\n<\/tr>\n<tr style=\"height: 48px;\">\n<td style=\"text-align: center; width: 6.89252%; height: 48px; background-color: #cce88b;\">10:15<\/td>\n<td style=\"text-align: center; width: 10.8645%; height: 48px; background-color: #cce88b;\">6<\/td>\n<td style=\"text-align: center; width: 20.4439%; height: 48px; background-color: #cce88b;\">Ji\u0159\u00ed Jan\u0161a<\/td>\n<td style=\"text-align: center; width: 19.536%; height: 48px; background-color: #cce88b;\">TEDOM<\/td>\n<td style=\"text-align: center; width: 31.9827%; height: 48px; background-color: #cce88b;\"><a href=\"https:\/\/www.czbiom.cz\/wp-content\/uploads\/6_TEDOM.pdf\">Mo\u017enosti poskytov\u00e1n\u00ed flexibility ze strany provozovatele BPS<\/a><\/td>\n<\/tr>\n<tr style=\"height: 24px;\">\n<td style=\"text-align: center; width: 6.89252%; height: 24px; background-color: #b2c23e;\"><strong>10:20<\/strong><\/td>\n<td style=\"width: 31.3084%; text-align: left; height: 24px; background-color: #b2c23e;\" colspan=\"2\"><strong>diskuze k prvn\u00edmu bloku<\/strong><\/td>\n<td style=\"text-align: center; width: 19.536%; height: 24px; background-color: #b2c23e;\">\u00a0<\/td>\n<td style=\"text-align: center; width: 31.9827%; height: 24px; background-color: #b2c23e;\">\u00a0<\/td>\n<\/tr>\n<tr style=\"height: 24px;\">\n<td style=\"text-align: center; width: 8.64486%; height: 24px;\">\u00a0<\/td>\n<td style=\"text-align: center; width: 6.89252%; height: 24px; background-color: #b2c23e;\"><strong>10:30<\/strong><\/td>\n<td style=\"width: 31.3084%; text-align: left; height: 24px; background-color: #b2c23e;\" colspan=\"2\"><strong>coffee break<\/strong><\/td>\n<td style=\"text-align: center; width: 19.536%; height: 24px; background-color: #b2c23e;\">\u00a0<\/td>\n<td style=\"text-align: center; width: 31.9827%; height: 24px; background-color: #b2c23e;\">\u00a0<\/td>\n<\/tr>\n<tr style=\"height: 24px;\">\n<td style=\"text-align: center; width: 8.64486%; height: 312px;\" rowspan=\"7\">Adam Moravec<\/td>\n<td style=\"text-align: center; width: 6.89252%; height: 24px; background-color: #cce88b;\">10:50<\/td>\n<td style=\"text-align: center; width: 10.8645%; height: 24px; background-color: #cce88b;\">7<\/td>\n<td style=\"text-align: center; width: 20.4439%; height: 24px; background-color: #cce88b;\">Monika Zitterbartov\u00e1<\/td>\n<td style=\"text-align: center; width: 19.536%; height: 24px; background-color: #cce88b;\">Hutira<\/td>\n<td style=\"text-align: center; width: 31.9827%; height: 24px; background-color: #cce88b;\"><a href=\"https:\/\/drive.google.com\/file\/d\/1FqPs6IJPK2xFNCpvZwGoPlqnmq8NfjDC\/view?usp=share_link\">Realizace biometanov\u00e9 stanice Litomy\u0161l<\/a><\/td>\n<\/tr>\n<tr style=\"height: 48px;\">\n<td style=\"text-align: center; width: 6.89252%; height: 48px;\">11:05<\/td>\n<td style=\"text-align: center; width: 10.8645%; height: 48px;\">8<\/td>\n<td style=\"text-align: center; width: 20.4439%; height: 48px;\">Martin Schwarz<\/td>\n<td style=\"text-align: center; width: 19.536%; height: 48px;\">CZ Biom\/EBW Solution<\/td>\n<td style=\"text-align: center; width: 31.9827%; height: 48px;\" width=\"357\"><a href=\"https:\/\/www.czbiom.cz\/wp-content\/uploads\/8_Martin-Schwarz_CZ-Biom_EBW.pdf\">Aktuality z oboru biometan a projekt Litomy\u0161l<\/a><\/td>\n<\/tr>\n<tr style=\"height: 72px;\">\n<td style=\"text-align: center; width: 6.89252%; height: 72px; background-color: #cce88b;\">11:25<\/td>\n<td style=\"text-align: center; width: 10.8645%; height: 72px; background-color: #cce88b;\">9<\/td>\n<td style=\"text-align: center; width: 20.4439%; height: 72px; background-color: #cce88b;\">Martin Vrti\u0161ka<\/td>\n<td style=\"text-align: center; width: 19.536%; height: 72px; background-color: #cce88b;\">Prodeval<\/td>\n<td style=\"text-align: center; width: 31.9827%; height: 72px; background-color: #cce88b;\" width=\"357\"><a href=\"https:\/\/www.czbiom.cz\/wp-content\/uploads\/09_PRODEVAL_prezentace_CZBIOM_-2022.pdf\">Spole\u010dnost Prodeval \u2013 technologicky pokro\u010dil\u00e9 jednotky pro v\u00fdrobu biometanu<\/a><\/td>\n<\/tr>\n<tr style=\"height: 48px;\">\n<td style=\"text-align: center; width: 6.89252%; height: 48px;\">11:40<\/td>\n<td style=\"text-align: center; width: 10.8645%; height: 48px;\">10<\/td>\n<td style=\"text-align: center; width: 20.4439%; height: 48px;\">Jana V\u00e1\u0161ov\u00e1 a Helena Arnoldov\u00e1<\/td>\n<td style=\"text-align: center; width: 19.536%; height: 48px;\">ER\u00da<\/td>\n<td style=\"text-align: center; width: 31.9827%; height: 48px;\"><a href=\"https:\/\/www.czbiom.cz\/wp-content\/uploads\/10_ERU\u0301_Va\u0301s\u030cova\u0301-Titka.pdf\">Z\u00e1ruky p\u016fvodu, cenov\u00e1 rozhodnut\u00ed ER\u00da a notifikace<\/a><\/td>\n<\/tr>\n<tr style=\"height: 24px;\">\n<td style=\"text-align: center; width: 6.89252%; height: 24px; background-color: #cce88b;\">12:10<\/td>\n<td style=\"text-align: center; width: 10.8645%; height: 24px; background-color: #cce88b;\">11<\/td>\n<td style=\"text-align: center; width: 20.4439%; height: 24px; background-color: #cce88b;\">Robert \u0160tefanec<\/td>\n<td style=\"text-align: center; width: 19.536%; height: 24px; background-color: #cce88b;\">NRG flex<\/td>\n<td style=\"text-align: center; width: 31.9827%; height: 24px; background-color: #cce88b;\"><a href=\"https:\/\/www.czbiom.cz\/wp-content\/uploads\/11_NRGflex_projekt-Desna_2022_BIOM.pdf\">Vyu\u017eit\u00ed tepla z BPS<\/a><\/td>\n<\/tr>\n<tr style=\"height: 72px;\">\n<td style=\"text-align: center; width: 6.89252%; height: 72px;\">12:15<\/td>\n<td style=\"text-align: center; width: 10.8645%; height: 72px;\">12<\/td>\n<td style=\"text-align: center; width: 20.4439%; height: 72px;\" width=\"175\">Luk\u00e1\u0161 Pomaha\u010d\/Miroslav Brajer<\/td>\n<td style=\"text-align: center; width: 19.536%; height: 72px;\">\u010cesk\u00e1 spo\u0159itelna<\/td>\n<td style=\"text-align: center; width: 31.9827%; height: 72px;\" width=\"357\">\n<p><span style=\"font-size: 12pt;\"><a href=\"https:\/\/www.czbiom.cz\/wp-content\/uploads\/12_Ceska-sporitelna_Miroslav-Brajer.pdf\">Financov\u00e1n\u00ed bioplynov\u00fdch stanic a tepl\u00e1ren_Miroslav Brajer<\/a><\/span><\/p>\n<p><a href=\"https:\/\/www.czbiom.cz\/wp-content\/uploads\/12_Ceska-sporitelna_Lukas-Pomahac-8.11.2022.pdf\"><span style=\"font-size: 12pt;\">Taxonomie_Luk\u00e1\u0161 Pomaha\u010d<\/span><\/a><\/p>\n<\/td>\n<\/tr>\n<tr style=\"height: 24px;\">\n<td style=\"text-align: center; width: 6.89252%; height: 24px; background-color: #b2c23e;\"><strong>12:35<\/strong><\/td>\n<td style=\"width: 31.3084%; text-align: left; height: 24px; background-color: #b2c23e;\" colspan=\"2\"><strong>diskuze k druh\u00e9mu bloku<\/strong><\/td>\n<td style=\"text-align: center; width: 19.536%; height: 24px; background-color: #b2c23e;\">\u00a0<\/td>\n<td style=\"text-align: center; width: 31.9827%; height: 24px; background-color: #b2c23e;\">\u00a0<\/td>\n<\/tr>\n<tr style=\"height: 24px;\">\n<td style=\"text-align: center; width: 8.64486%; height: 24px;\">\u00a0<\/td>\n<td style=\"text-align: center; width: 6.89252%; height: 24px; background-color: #b2c23e;\"><strong>12:45<\/strong><\/td>\n<td style=\"width: 31.3084%; text-align: left; height: 24px; background-color: #b2c23e;\" colspan=\"2\"><strong>ob\u011bd<\/strong><\/td>\n<td style=\"text-align: center; width: 19.536%; height: 24px; background-color: #b2c23e;\">\u00a0<\/td>\n<td style=\"text-align: center; width: 31.9827%; height: 24px; background-color: #b2c23e;\">\u00a0<\/td>\n<\/tr>\n<tr style=\"height: 48px;\">\n<td style=\"text-align: center; width: 8.64486%; height: 240px;\" rowspan=\"5\">Adam Moravec<\/td>\n<td style=\"text-align: center; width: 6.89252%; height: 48px; background-color: #cce88b;\">13:45<\/td>\n<td style=\"text-align: center; width: 10.8645%; height: 48px; background-color: #cce88b;\">13<\/td>\n<td style=\"text-align: center; width: 20.4439%; height: 48px; background-color: #cce88b;\">Tom\u00e1\u0161 Prokop<\/td>\n<td style=\"text-align: center; width: 19.536%; height: 48px; background-color: #cce88b;\">SF\u017dP\u00a0<\/td>\n<td style=\"text-align: center; width: 31.9827%; height: 48px; background-color: #cce88b;\" width=\"357\"><a href=\"https:\/\/www.czbiom.cz\/wp-content\/uploads\/13_SFZP_Tomas-Prokop.pdf\">Mo\u017enosti dotac\u00ed SF\u017dP pro rok 2023<\/a><\/td>\n<\/tr>\n<tr style=\"height: 48px;\">\n<td style=\"text-align: center; width: 6.89252%; height: 48px;\">14:05<\/td>\n<td style=\"text-align: center; width: 10.8645%; height: 48px;\">14<\/td>\n<td style=\"text-align: center; width: 20.4439%; height: 48px;\">Martin Wachtl<\/td>\n<td style=\"text-align: center; width: 19.536%; height: 48px;\">Ambient Energy<\/td>\n<td style=\"text-align: center; width: 31.9827%; height: 48px;\"><a href=\"https:\/\/www.czbiom.cz\/wp-content\/uploads\/14_Ambient-Energy.pdf\">Poji\u0161t\u011bn\u00ed ceny biometanu<\/a><\/td>\n<\/tr>\n<tr style=\"height: 48px;\">\n<td style=\"text-align: center; width: 6.89252%; height: 48px; background-color: #cce88b;\">14:10<\/td>\n<td style=\"text-align: center; width: 10.8645%; height: 48px; background-color: #cce88b;\">15<\/td>\n<td style=\"text-align: center; width: 20.4439%; height: 48px; background-color: #cce88b;\">Adam Moravec<\/td>\n<td style=\"text-align: center; width: 19.536%; height: 48px; background-color: #cce88b;\">CZ Biom<\/td>\n<td style=\"text-align: center; width: 31.9827%; height: 48px; background-color: #cce88b;\" width=\"357\"><a href=\"https:\/\/www.czbiom.cz\/wp-content\/uploads\/15_Adam-Moravec_CZ-Biom.pdf\">IRR, sektorov\u00e9 \u0161et\u0159en\u00ed, kontroly z moci \u00fa\u0159edn\u00ed<\/a><\/td>\n<\/tr>\n<tr style=\"height: 48px;\">\n<td style=\"text-align: center; width: 6.89252%; height: 48px;\">14:30<\/td>\n<td style=\"text-align: center; width: 10.8645%; height: 48px;\">16<\/td>\n<td style=\"text-align: center; width: 20.4439%; height: 48px;\">Jakub Grunt<\/td>\n<td style=\"text-align: center; width: 19.536%; height: 48px;\">TotalEnergies<\/td>\n<td style=\"text-align: center; width: 31.9827%; height: 48px;\" width=\"357\"><a href=\"https:\/\/www.czbiom.cz\/wp-content\/uploads\/16_TotalEnergies_Biom.pdf\">Efektivn\u011bj\u0161\u00ed provoz plynov\u00fdch motor\u016f pomoc\u00ed inovativn\u00edch maziv<\/a><\/td>\n<\/tr>\n<tr style=\"height: 48px;\">\n<td style=\"text-align: center; width: 6.89252%; height: 48px; background-color: #cce88b;\">14:35<\/td>\n<td style=\"text-align: center; width: 10.8645%; height: 48px; background-color: #cce88b;\">17<\/td>\n<td style=\"text-align: center; width: 20.4439%; height: 48px; background-color: #cce88b;\">Josef Vysok\u00fd<\/td>\n<td style=\"text-align: center; width: 19.536%; height: 48px; background-color: #cce88b;\">AEROTEC<\/td>\n<td style=\"text-align: center; width: 31.9827%; height: 48px; background-color: #cce88b;\" width=\"357\"><a href=\"https:\/\/www.czbiom.cz\/wp-content\/uploads\/17_Josef-Vysoky_AEROTEC.pdf\">Vy\u0161\u0161\u00ed \u00fa\u010dinnost a kontinuita v\u00fdroby BPS s \u010deskou technologi\u00ed maziv<\/a><\/td>\n<\/tr>\n<tr style=\"height: 24px;\">\n<td style=\"text-align: center; width: 8.64486%; height: 24px;\">\u00a0<\/td>\n<td style=\"text-align: center; width: 6.89252%; height: 24px; background-color: #b2c23e;\"><strong>14:40<\/strong><\/td>\n<td style=\"width: 31.3084%; text-align: left; height: 24px; background-color: #b2c23e;\" colspan=\"2\"><strong>diskuze k t\u0159et\u00edmu bloku<\/strong><\/td>\n<td style=\"text-align: center; width: 19.536%; height: 24px; background-color: #b2c23e;\">\u00a0<\/td>\n<td style=\"text-align: center; width: 31.9827%; height: 24px; background-color: #b2c23e;\">\u00a0<\/td>\n<\/tr>\n<tr style=\"height: 24px;\">\n<td style=\"text-align: center; width: 8.64486%; height: 24px;\">\u00a0<\/td>\n<td style=\"text-align: center; width: 6.89252%; height: 24px; background-color: #b2c23e;\"><strong>14:50<\/strong><\/td>\n<td style=\"width: 31.3084%; text-align: left; height: 24px; background-color: #b2c23e;\" colspan=\"2\"><strong>coffee break<\/strong><\/td>\n<td style=\"text-align: center; width: 19.536%; height: 24px; background-color: #b2c23e;\">\u00a0<\/td>\n<td style=\"text-align: center; width: 31.9827%; height: 24px; background-color: #b2c23e;\">\u00a0<\/td>\n<\/tr>\n<tr style=\"height: 24px;\">\n<td style=\"text-align: center; width: 8.64486%; height: 48px;\" rowspan=\"2\" width=\"70\">Jan Habart<\/td>\n<td style=\"text-align: center; width: 6.89252%; height: 24px;\">15:30<\/td>\n<td style=\"text-align: center; width: 10.8645%; height: 24px;\">19<\/td>\n<td style=\"text-align: center; width: 20.4439%; height: 24px;\">Martin Schwarz<\/td>\n<td style=\"text-align: center; width: 19.536%; height: 24px;\">CZ Biom\/EBW<\/td>\n<td style=\"text-align: center; width: 31.9827%; height: 24px;\" width=\"357\"><a href=\"https:\/\/www.czbiom.cz\/wp-content\/uploads\/18_Martin-Schwarz_CZ-Biom_EBW.pdf\">Dotace pro biomasu z OP TAK<\/a><\/td>\n<\/tr>\n<tr style=\"height: 24px;\">\n<td style=\"text-align: center; width: 6.89252%; height: 24px; background-color: #cce88b;\">15:45<\/td>\n<td style=\"text-align: center; width: 10.8645%; height: 24px; background-color: #cce88b;\">20<\/td>\n<td style=\"text-align: center; width: 20.4439%; height: 24px; background-color: #cce88b;\">Jan Habart<\/td>\n<td style=\"text-align: center; width: 19.536%; height: 24px; background-color: #cce88b;\">CZ Biom<\/td>\n<td style=\"text-align: center; width: 31.9827%; height: 24px; background-color: #cce88b;\">Vize CZ Biom pro vyu\u017eit\u00ed biomasy<\/td>\n<\/tr>\n<tr style=\"height: 24px;\">\n<td style=\"text-align: center; width: 8.64486%; height: 24px;\">\u00a0<\/td>\n<td style=\"text-align: center; width: 6.89252%; height: 24px; background-color: #b2c23e;\"><strong>16:00<\/strong><\/td>\n<td style=\"width: 31.3084%; text-align: left; height: 24px; background-color: #b2c23e;\" colspan=\"2\"><strong>diskuze k \u010dtvrt\u00e9mu bloku<\/strong><\/td>\n<td style=\"text-align: center; width: 19.536%; height: 24px; background-color: #b2c23e;\">\u00a0<\/td>\n<td style=\"text-align: center; width: 31.9827%; height: 24px; background-color: #b2c23e;\">\u00a0<\/td>\n<\/tr>\n<tr style=\"height: 24px;\">\n<td style=\"text-align: center; width: 8.64486%; height: 24px;\">\u00a0<\/td>\n<td style=\"text-align: center; width: 6.89252%; height: 24px; background-color: #b2c23e;\"><strong>19:00<\/strong><\/td>\n<td style=\"width: 82.8271%; text-align: left; height: 24px; background-color: #b2c23e;\" colspan=\"4\"><strong>spole\u010densk\u00fd ve\u010der<\/strong><\/td>\n<\/tr>\n<\/tbody>\n<\/table>\n<p>&nbsp;<\/p>\n<p>&nbsp;<\/p>\n<p>&nbsp;<\/p>\n<p>&nbsp;<\/p>\n<p>&nbsp;<\/p>\n<p>&nbsp;<\/p>\n<p><span style=\"font-size: 14pt;\"><em><strong>V pr\u016fb\u011bhu cel\u00e9ho dne bude tak\u00e9 prob\u00edhat p\u0159edv\u00e1d\u011b\u010dka elektroauta VW.<\/strong><\/em><\/span><\/p>\n<p><strong>Ve st\u0159edu 9.11.2022 jsou na programu exkurze.<\/strong><\/p>\n<h2>\u00a0<\/h2>\n<h2>M\u00edsto<\/h2>\n<p><strong>Hotel Z\u00e1mek Vale\u010d<\/strong><\/p>\n<p>Vale\u010d 1, Vale\u010d u Hrotovic, 675 53<\/p>\n<p>GPS sou\u0159adnice: 49\u00b008&#8217;53.0&#8243;N 16\u00b002&#8217;18.7&#8243;E<\/p>\n<p>&nbsp;<\/p>\n<p>B\u011bhem akce bude k dispozici <strong>ob\u010derstven\u00ed<\/strong>.<\/p>\n<p><strong>N\u00e1\u0161 t\u00fdm bude na m\u00edst\u011b ji\u017e den p\u0159edem<\/strong>, tak\u017ee kdo bude m\u00edt z\u00e1jem p\u0159ijet a potkat se s n\u00e1mi, budeme tu pro V\u00e1s.<\/p>\n<h2><strong>Ubytov\u00e1n\u00ed<\/strong><\/h2>\n<p>Ubytov\u00e1n\u00ed si hrad\u00ed a rezervuj\u00ed \u00fa\u010dastn\u00edci konference sami.<\/p>\n<p>Pro rezervaci volejte hotel na \u010d\u00edsle 568 441 372 nebo 724 400 497, p\u0159\u00edp. pi\u0161te objedn\u00e1vku na email info@hotel-valec.cz, a sd\u011blte p\u0159i rezervaci heslo BIOMASA, aby v Hotelu v\u011bd\u011bli, \u017ee pat\u0159\u00edte k n\u00e1m.<\/p>\n<p>P\u0159es rezerva\u010dn\u00ed formul\u00e1\u0159 nen\u00ed ubytov\u00e1n\u00ed dostupn\u00e9, hotel vybookoval v\u0161echno ubytov\u00e1n\u00ed na na\u0161i akci.<\/p>\n<p>&nbsp;<\/p>\n<h2>Vlo\u017en\u00e9<\/h2>\n<p><strong>\u010dlen <\/strong>CZ Biom<strong> fyzick\u00e1 \u00fa\u010dast: <\/strong>2.900 K\u010d v\u010detn\u011b DPH \/ 1 osoba\u00a0<\/p>\n<p><strong>\u010dlen <\/strong>CZ Biom<strong> online \u00fa\u010dast: <\/strong>900 K\u010d v\u010detn\u011b DPH \/ 1 osoba<strong><br \/>\n<\/strong><\/p>\n<p><strong>NE\u010dlen <\/strong>CZ Biom<strong> fyzick\u00e1 \u00fa\u010dast: <\/strong>4.500 K\u010d v\u010detn\u011b DPH \/ 1 osoba<\/p>\n<p><strong>NE\u010dlen <\/strong>CZ Biom<strong> online \u00fa\u010dast: <\/strong>1.600 K\u010d v\u010detn\u011b DPH \/ 1 osoba<\/p>\n<p><strong>m\u00e9dia fyzicky \/ online:<\/strong> <strong>zdarma<\/strong>, pros\u00edme do pozn\u00e1mky uv\u00e9st n\u00e1zev m\u00e9dia<\/p>\n<p>&nbsp;<\/p>\n<p>Platebn\u00ed instrukce\u00a0obdr\u017e\u00edte v potvrzovac\u00edm emailu po \u00fasp\u011b\u0161n\u00e9 registraci.<\/p>\n<p>Platba <strong>v hotovosti<\/strong> na m\u00edst\u011b <strong>nen\u00ed mo\u017en\u00e1<\/strong>.<\/p>\n<p>V p\u0159\u00edpad\u011b, \u017ee neobdr\u017e\u00edte na V\u00e1mi uveden\u00fd email potvrzenou z\u00e1lohovou fakturu (kter\u00e1 slou\u017e\u00ed jako potvrzen\u00ed registrace na konferenci a potvrzen\u00ed zaplacen\u00ed vlo\u017en\u00e9ho), doneste pros\u00edm na registraci dne 8.11.2022 <strong>doklad o zaplacen\u00ed vlo\u017en\u00e9ho<\/strong>.<\/p>\n<p>&nbsp;<\/p>\n<h2>Exkurze<\/h2>\n<p>Druh\u00fd den st\u0159eda 9.11.2022 je v\u011bnov\u00e1n exkurz\u00edm.<\/p>\n<p>Nejd\u0159\u00edve se pod\u00edv\u00e1me na <strong>bioplynovou stanici Vale\u010d<\/strong>.<\/p>\n<p>Bioplynov\u00e1 stanice na jihov\u00fdchodn\u00edm okraji obce Vale\u010d je b\u011b\u017enou zem\u011bd\u011blskou bioplynkou. V\u00fdjime\u010dn\u00e9 je na ni vyu\u017eit\u00ed tepla pro pot\u0159eby Hotelu Z\u00e1mek Vale\u010d.<\/p>\n<p>Pot\u00e9 bude n\u00e1sledovat p\u0159esun do <strong>T\u0159eb\u00ed\u010de<\/strong> na prohl\u00eddku <strong>tepl\u00e1rny na biomasu V\u00fdchod<\/strong>.<\/p>\n<p>Tepl\u00e1rna V\u00fdchod je nejnov\u011bj\u0161\u00ed ze \u010dty\u0159 v\u00edce palivov\u00fdch tepeln\u00fdch zdroj\u016f spole\u010dnosti TTS energo, kter\u00e1 v T\u0159eb\u00ed\u010di provozuje syst\u00e9m CZT ji\u017e t\u00e9m\u011b\u0159 30 let. Tepl\u00e1rna byla uvedena do provozu v roce 2019 a nosn\u00fdm prvkem je parn\u00ed kotel o v\u00fdkonu 4,5 MW na spalov\u00e1n\u00ed palivov\u00e9ho mixu.<\/p>\n<p>&nbsp;<\/p>\n<h2>Partnerstv\u00ed<\/h2>\n<p>Partnersk\u00e9 pozice jsou ji\u017e pln\u011b obsazeny, t\u011b\u0161\u00edme se na dal\u0161\u00ed spolupr\u00e1ci v roce 2023.<\/p>\n<p>&nbsp;<\/p>\n<h3><em>Storno podm\u00ednky<\/em><\/h3>\n<p>P\u0159ihl\u00e1\u0161ka na akci je z\u00e1vazn\u00e1 a je mo\u017en\u00e9 ji zru\u0161it pouze p\u00edsemn\u011b (e-mailem) na <a href=\"mailto:sekretariat@biom.cz\">sekretariat@biom.cz<\/a>.<br \/>\nV p\u0159\u00edpad\u011b odhl\u00e1\u0161en\u00ed 10 a v\u00edce dn\u00ed p\u0159ed kon\u00e1n\u00edm akce vrac\u00edme poplatek v pln\u00e9 v\u00fd\u0161i. V p\u0159\u00edpad\u011b zru\u0161en\u00ed \u00fa\u010dasti 9 a m\u00e9n\u011b dn\u00ed p\u0159ed kon\u00e1n\u00edm akce nebo p\u0159i ne\u00fa\u010dasti na akci se \u00fa\u010dastnick\u00fd poplatek nevrac\u00ed (tj. storno poplatek \u010din\u00ed 100 %).<\/p>\n<p>Storno se neplat\u00ed, pokud \u00fa\u010dastn\u00edk s\u00e1m zajist\u00ed vhodn\u00e9ho n\u00e1hradn\u00edka. Cel\u00e1 \u010d\u00e1stka se na n\u011bj p\u0159ev\u00e1d\u00ed. Tuto skute\u010dnost je \u00fa\u010dastn\u00edk povinen nahl\u00e1sit p\u00edsemn\u011b (e-mailem) na <a href=\"mailto:sekretariat@biom.cz\">sekretariat@biom.cz<\/a>. Ve v\u0161ech ostatn\u00edch p\u0159\u00edpadech se storno poplatek \u00fa\u010dtuje.<\/p>\n<p>Poplatek nelze p\u0159ev\u00e9st na jinou akci.<\/p>\n<p>&nbsp;<\/p>\n<h3><em>GDPR prohl\u00e1\u0161en\u00ed<\/em><\/h3>\n<p><em>\u00da\u010dastn\u00edk akce (subjekt \u00fadaj\u016f) d\u00e1v\u00e1 sv\u00fdm podpisem souhlas se zpracov\u00e1n\u00edm sv\u00fdch osobn\u00edch \u00fadaj\u016f, tedy jm\u00e9na, p\u0159\u00edjmen\u00ed, emailu a jin\u00fdch kontaktn\u00edch \u00fadaj\u016f a fotografick\u00fdch materi\u00e1l\u016f z konference\/semin\u00e1\u0159e CZ Biom &#8211; \u010cesk\u00e9 sdru\u017een\u00ed pro biomasu,\u00a0\u00a0z.s., s\u00eddlem Drnovsk\u00e1 507\/73, Ruzyn\u011b, 161 00 Praha, I\u010c: 61383929. CZ Biom &#8211; \u010cesk\u00e9 sdru\u017een\u00ed pro biomasu,\u00a0\u00a0z.s. zpracuje osobn\u00ed \u00fadaje pro \u00fa\u010dely zas\u00edl\u00e1n\u00ed pozv\u00e1nek na budouc\u00ed akce a informov\u00e1n\u00ed o aktivit\u00e1ch CZ Biom prost\u0159ednictv\u00edm emailu. Subjekt \u00fadaj\u016f m\u00e1 mo\u017enost ud\u011blen\u00fd souhlas kdykoliv odvolat dopisem nebo emailem na <a href=\"mailto:sekretariat@biom.cz\">sekretariat@biom.cz<\/a><\/em><\/p>\n<p><em>(V p\u0159\u00edpad\u011b nesouhlasu V\u00e1m CZ Biom nebude moci zas\u00edlat informa\u010dn\u00ed emaily a ve\u0161ker\u00e1 komunikace bude muset prob\u00edhat korespondenc\u00ed!)\u00a0<\/em><\/p>\n<h2>\u00a0<\/h2>\n<h2>Registrace<\/h2>\n<p>Pro \u00fa\u010dast na fyzick\u00e9 ud\u00e1losti i pro sledov\u00e1n\u00ed online p\u0159enosu je pot\u0159eba <strong>registrace<\/strong>.<\/p>\n<p>V p\u0159\u00edpad\u011b <strong>registrace v\u00edce osob, vyu\u017eijte pros\u00edm registra\u010dn\u00ed formul\u00e1\u0159 opakovan\u011b<\/strong>. Neregistrujte v jednom formul\u00e1\u0159i v\u00edce osob!<\/p>\n<p>&nbsp;<\/p>\n","protected":false},"template":"","categories":[40,21],"class_list":["post-812","akce","type-akce","status-publish","hentry","category-2022-prehled-akci","category-prehled-akci"],"acf":[],"yoast_head":"<!-- This site is optimized with the Yoast SEO plugin v27.4 - https:\/\/yoast.com\/product\/yoast-seo-wordpress\/ -->\n<title>Konference Biomasa, bioplyn a energetika 2022 - \u010cesk\u00e9 sdru\u017een\u00ed pro biomasu<\/title>\n<meta name=\"robots\" content=\"index, follow, max-snippet:-1, max-image-preview:large, max-video-preview:-1\" \/>\n<link rel=\"canonical\" href=\"https:\/\/www.czbiom.cz\/en\/akce\/bbe-2022\/\" \/>\n<meta property=\"og:locale\" content=\"en_US\" \/>\n<meta property=\"og:type\" content=\"article\" \/>\n<meta property=\"og:title\" content=\"Konference Biomasa, bioplyn a energetika 2022 - \u010cesk\u00e9 sdru\u017een\u00ed pro biomasu\" \/>\n<meta property=\"og:description\" content=\"Ve dnech 8. &#8211; 9. listopadu 2022 se uskute\u010dn\u00ed ji\u017e tradi\u010dn\u00ed podzimn\u00ed akce CZ Biom v\u011bnovan\u00e1 t\u00e9mat\u016fm z oblasti biomasy, bioplynu a energetiky. Letos se setk\u00e1me v Hotelu Z\u00e1mek Vale\u010d Tato konference se bude konat fyzicky a bude p\u0159en\u00e1\u0161ena i online. Z\u00e1znam z akce je dotupn\u00fd ZDE. PROGRAM 8. listopadu 2022 Moderuje Za\u010d\u00e1tek Po\u0159ad\u00ed P\u0159edn\u00e1\u0161ej\u00edc\u00ed [&hellip;]\" \/>\n<meta property=\"og:url\" content=\"https:\/\/www.czbiom.cz\/en\/akce\/bbe-2022\/\" \/>\n<meta property=\"og:site_name\" content=\"\u010cesk\u00e9 sdru\u017een\u00ed pro biomasu\" \/>\n<meta property=\"article:publisher\" content=\"https:\/\/www.facebook.com\/czbiom\/\" \/>\n<meta property=\"article:modified_time\" content=\"2022-11-21T13:53:17+00:00\" \/>\n<meta property=\"og:image\" content=\"https:\/\/www.czbiom.cz\/wp-content\/uploads\/logo-fb.png\" \/>\n\t<meta property=\"og:image:width\" content=\"1200\" \/>\n\t<meta property=\"og:image:height\" content=\"630\" \/>\n\t<meta property=\"og:image:type\" content=\"image\/png\" \/>\n<meta name=\"twitter:card\" content=\"summary_large_image\" \/>\n<meta name=\"twitter:site\" content=\"@CZBiom\" \/>\n<meta name=\"twitter:label1\" content=\"Est. reading time\" \/>\n\t<meta name=\"twitter:data1\" content=\"5 minutes\" \/>\n<script type=\"application\/ld+json\" class=\"yoast-schema-graph\">{\"@context\":\"https:\\\/\\\/schema.org\",\"@graph\":[{\"@type\":\"WebPage\",\"@id\":\"https:\\\/\\\/www.czbiom.cz\\\/en\\\/akce\\\/bbe-2022\\\/\",\"url\":\"https:\\\/\\\/www.czbiom.cz\\\/en\\\/akce\\\/bbe-2022\\\/\",\"name\":\"Konference Biomasa, bioplyn a energetika 2022 - \u010cesk\u00e9 sdru\u017een\u00ed pro biomasu\",\"isPartOf\":{\"@id\":\"https:\\\/\\\/www.czbiom.cz\\\/en\\\/#website\"},\"datePublished\":\"2022-08-23T17:32:33+00:00\",\"dateModified\":\"2022-11-21T13:53:17+00:00\",\"breadcrumb\":{\"@id\":\"https:\\\/\\\/www.czbiom.cz\\\/en\\\/akce\\\/bbe-2022\\\/#breadcrumb\"},\"inLanguage\":\"en-US\",\"potentialAction\":[{\"@type\":\"ReadAction\",\"target\":[[\"https:\\\/\\\/www.czbiom.cz\\\/en\\\/akce\\\/bbe-2022\\\/\"]]}]},{\"@type\":\"BreadcrumbList\",\"@id\":\"https:\\\/\\\/www.czbiom.cz\\\/en\\\/akce\\\/bbe-2022\\\/#breadcrumb\",\"itemListElement\":[{\"@type\":\"ListItem\",\"position\":1,\"name\":\"Dom\u016f\",\"item\":\"https:\\\/\\\/www.czbiom.cz\\\/en\\\/\"},{\"@type\":\"ListItem\",\"position\":2,\"name\":\"Konference Biomasa, bioplyn a energetika 2022\"}]},{\"@type\":\"WebSite\",\"@id\":\"https:\\\/\\\/www.czbiom.cz\\\/en\\\/#website\",\"url\":\"https:\\\/\\\/www.czbiom.cz\\\/en\\\/\",\"name\":\"\u010cesk\u00e9 sdru\u017een\u00ed pro biomasu\",\"description\":\"\",\"publisher\":{\"@id\":\"https:\\\/\\\/www.czbiom.cz\\\/en\\\/#organization\"},\"potentialAction\":[{\"@type\":\"SearchAction\",\"target\":{\"@type\":\"EntryPoint\",\"urlTemplate\":\"https:\\\/\\\/www.czbiom.cz\\\/en\\\/?s={search_term_string}\"},\"query-input\":{\"@type\":\"PropertyValueSpecification\",\"valueRequired\":true,\"valueName\":\"search_term_string\"}}],\"inLanguage\":\"en-US\"},{\"@type\":\"Organization\",\"@id\":\"https:\\\/\\\/www.czbiom.cz\\\/en\\\/#organization\",\"name\":\"\u010cesk\u00e9 sdru\u017een\u00ed pro biomasu\",\"url\":\"https:\\\/\\\/www.czbiom.cz\\\/en\\\/\",\"logo\":{\"@type\":\"ImageObject\",\"inLanguage\":\"en-US\",\"@id\":\"https:\\\/\\\/www.czbiom.cz\\\/en\\\/#\\\/schema\\\/logo\\\/image\\\/\",\"url\":\"https:\\\/\\\/www.czbiom.cz\\\/wp-content\\\/uploads\\\/logo-fb.png\",\"contentUrl\":\"https:\\\/\\\/www.czbiom.cz\\\/wp-content\\\/uploads\\\/logo-fb.png\",\"width\":1200,\"height\":630,\"caption\":\"\u010cesk\u00e9 sdru\u017een\u00ed pro biomasu\"},\"image\":{\"@id\":\"https:\\\/\\\/www.czbiom.cz\\\/en\\\/#\\\/schema\\\/logo\\\/image\\\/\"},\"sameAs\":[\"https:\\\/\\\/www.facebook.com\\\/czbiom\\\/\",\"https:\\\/\\\/x.com\\\/CZBiom\",\"https:\\\/\\\/www.youtube.com\\\/@czbiom5277\",\"https:\\\/\\\/www.linkedin.com\\\/company\\\/asociaceczbiom\"]}]}<\/script>\n<!-- \/ Yoast SEO plugin. -->","yoast_head_json":{"title":"Konference Biomasa, bioplyn a energetika 2022 - \u010cesk\u00e9 sdru\u017een\u00ed pro biomasu","robots":{"index":"index","follow":"follow","max-snippet":"max-snippet:-1","max-image-preview":"max-image-preview:large","max-video-preview":"max-video-preview:-1"},"canonical":"https:\/\/www.czbiom.cz\/en\/akce\/bbe-2022\/","og_locale":"en_US","og_type":"article","og_title":"Konference Biomasa, bioplyn a energetika 2022 - \u010cesk\u00e9 sdru\u017een\u00ed pro biomasu","og_description":"Ve dnech 8. &#8211; 9. listopadu 2022 se uskute\u010dn\u00ed ji\u017e tradi\u010dn\u00ed podzimn\u00ed akce CZ Biom v\u011bnovan\u00e1 t\u00e9mat\u016fm z oblasti biomasy, bioplynu a energetiky. Letos se setk\u00e1me v Hotelu Z\u00e1mek Vale\u010d Tato konference se bude konat fyzicky a bude p\u0159en\u00e1\u0161ena i online. Z\u00e1znam z akce je dotupn\u00fd ZDE. PROGRAM 8. listopadu 2022 Moderuje Za\u010d\u00e1tek Po\u0159ad\u00ed P\u0159edn\u00e1\u0161ej\u00edc\u00ed [&hellip;]","og_url":"https:\/\/www.czbiom.cz\/en\/akce\/bbe-2022\/","og_site_name":"\u010cesk\u00e9 sdru\u017een\u00ed pro biomasu","article_publisher":"https:\/\/www.facebook.com\/czbiom\/","article_modified_time":"2022-11-21T13:53:17+00:00","og_image":[{"width":1200,"height":630,"url":"https:\/\/www.czbiom.cz\/wp-content\/uploads\/logo-fb.png","type":"image\/png"}],"twitter_card":"summary_large_image","twitter_site":"@CZBiom","twitter_misc":{"Est. reading time":"5 minutes"},"schema":{"@context":"https:\/\/schema.org","@graph":[{"@type":"WebPage","@id":"https:\/\/www.czbiom.cz\/en\/akce\/bbe-2022\/","url":"https:\/\/www.czbiom.cz\/en\/akce\/bbe-2022\/","name":"Konference Biomasa, bioplyn a energetika 2022 - \u010cesk\u00e9 sdru\u017een\u00ed pro biomasu","isPartOf":{"@id":"https:\/\/www.czbiom.cz\/en\/#website"},"datePublished":"2022-08-23T17:32:33+00:00","dateModified":"2022-11-21T13:53:17+00:00","breadcrumb":{"@id":"https:\/\/www.czbiom.cz\/en\/akce\/bbe-2022\/#breadcrumb"},"inLanguage":"en-US","potentialAction":[{"@type":"ReadAction","target":[["https:\/\/www.czbiom.cz\/en\/akce\/bbe-2022\/"]]}]},{"@type":"BreadcrumbList","@id":"https:\/\/www.czbiom.cz\/en\/akce\/bbe-2022\/#breadcrumb","itemListElement":[{"@type":"ListItem","position":1,"name":"Dom\u016f","item":"https:\/\/www.czbiom.cz\/en\/"},{"@type":"ListItem","position":2,"name":"Konference Biomasa, bioplyn a energetika 2022"}]},{"@type":"WebSite","@id":"https:\/\/www.czbiom.cz\/en\/#website","url":"https:\/\/www.czbiom.cz\/en\/","name":"\u010cesk\u00e9 sdru\u017een\u00ed pro biomasu","description":"","publisher":{"@id":"https:\/\/www.czbiom.cz\/en\/#organization"},"potentialAction":[{"@type":"SearchAction","target":{"@type":"EntryPoint","urlTemplate":"https:\/\/www.czbiom.cz\/en\/?s={search_term_string}"},"query-input":{"@type":"PropertyValueSpecification","valueRequired":true,"valueName":"search_term_string"}}],"inLanguage":"en-US"},{"@type":"Organization","@id":"https:\/\/www.czbiom.cz\/en\/#organization","name":"\u010cesk\u00e9 sdru\u017een\u00ed pro biomasu","url":"https:\/\/www.czbiom.cz\/en\/","logo":{"@type":"ImageObject","inLanguage":"en-US","@id":"https:\/\/www.czbiom.cz\/en\/#\/schema\/logo\/image\/","url":"https:\/\/www.czbiom.cz\/wp-content\/uploads\/logo-fb.png","contentUrl":"https:\/\/www.czbiom.cz\/wp-content\/uploads\/logo-fb.png","width":1200,"height":630,"caption":"\u010cesk\u00e9 sdru\u017een\u00ed pro biomasu"},"image":{"@id":"https:\/\/www.czbiom.cz\/en\/#\/schema\/logo\/image\/"},"sameAs":["https:\/\/www.facebook.com\/czbiom\/","https:\/\/x.com\/CZBiom","https:\/\/www.youtube.com\/@czbiom5277","https:\/\/www.linkedin.com\/company\/asociaceczbiom"]}]}},"_links":{"self":[{"href":"https:\/\/www.czbiom.cz\/en\/wp-json\/wp\/v2\/akce\/812","targetHints":{"allow":["GET"]}}],"collection":[{"href":"https:\/\/www.czbiom.cz\/en\/wp-json\/wp\/v2\/akce"}],"about":[{"href":"https:\/\/www.czbiom.cz\/en\/wp-json\/wp\/v2\/types\/akce"}],"wp:attachment":[{"href":"https:\/\/www.czbiom.cz\/en\/wp-json\/wp\/v2\/media?parent=812"}],"wp:term":[{"taxonomy":"category","embeddable":true,"href":"https:\/\/www.czbiom.cz\/en\/wp-json\/wp\/v2\/categories?post=812"}],"curies":[{"name":"wp","href":"https:\/\/api.w.org\/{rel}","templated":true}]}}