{"id":571,"date":"2022-03-10T09:00:29","date_gmt":"2022-03-10T08:00:29","guid":{"rendered":"https:\/\/www.czbiom.cz\/?post_type=akce&#038;p=571"},"modified":"2022-05-26T16:27:02","modified_gmt":"2022-05-26T14:27:02","slug":"konference-bioplyn-a-legislativa-2022","status":"publish","type":"akce","link":"https:\/\/www.czbiom.cz\/en\/akce\/konference-bioplyn-a-legislativa-2022\/","title":{"rendered":"Konference Bioplyn a legislativa 2022 a Valn\u00e1 hromada CZ BIOM"},"content":{"rendered":"<p><strong>Dne 24. kv\u011btna 2022 se uskute\u010dn\u00ed ji\u017e tradi\u010dn\u00ed jarn\u00ed akce CZ Biom. Letos se setk\u00e1me <a href=\"https:\/\/www.hotelnahac.cz\/\">v Hotelu Akademie Nah\u00e1\u010d.<\/a><\/strong><\/p>\n<p>Akce, kter\u00e9 se uskute\u010dn\u00ed:<\/p>\n<h2><strong>1) Bioplyn a legislativa &#8211; registrace u\u017e jen na online verzi<br \/>\n<\/strong><\/h2>\n<p>Tradi\u010dn\u00ed jarn\u00ed konference CZ Biom v\u011bnovan\u00e1 t\u00e9mat\u016fm z oblasti bioplynu, biometanu a bioodpad\u016f.<\/p>\n<p>Tato konference bude p\u0159en\u00e1\u0161ena i <strong>online<\/strong> (ostatn\u00ed dv\u011b akce budou pouze fyzicky).<\/p>\n<div align=\"center\">\n<table style=\"height: 534px; width: 84.6941%; margin-left: auto; margin-right: auto; border-collapse: collapse;\">\n<tbody>\n<tr style=\"height: 15px;\">\n<td style=\"width: 2.78115%; height: 15px;\" data-sheets-value=\"{&quot;1&quot;:3,&quot;3&quot;:0.3472222222222222}\" data-sheets-numberformat=\"{&quot;1&quot;:6,&quot;2&quot;:&quot;h:mm&quot;,&quot;3&quot;:1}\"><span style=\"font-size: 14pt;\"><strong>8:20<\/strong><\/span><\/td>\n<td style=\"width: 56.9036%; height: 15px; text-align: left;\" data-sheets-value=\"{&quot;1&quot;:2,&quot;2&quot;:&quot;registrace&quot;}\"><em>registrace<\/em><\/td>\n<\/tr>\n<tr style=\"height: 15px;\">\n<td style=\"width: 2.78115%; height: 15px;\" data-sheets-value=\"{&quot;1&quot;:3,&quot;3&quot;:0.375}\" data-sheets-numberformat=\"{&quot;1&quot;:6,&quot;2&quot;:&quot;h:mm&quot;,&quot;3&quot;:1}\"><span style=\"font-size: 14pt;\"><strong>9:00<\/strong><\/span><\/td>\n<td style=\"width: 56.9036%; height: 15px; text-align: left;\" data-sheets-value=\"{&quot;1&quot;:2,&quot;2&quot;:&quot;Jan Habart&quot;}\"><strong>Jan Habart<\/strong> | CZ Biom<\/td>\n<\/tr>\n<tr style=\"height: 15px;\">\n<td style=\"width: 2.78115%; text-align: left; height: 15px;\">\u00a0<\/td>\n<td style=\"width: 56.9036%; text-align: left; height: 15px;\"><em><span style=\"font-size: 12pt;\">\u00davod<\/span><\/em><\/td>\n<\/tr>\n<tr style=\"height: 15px;\">\n<td style=\"width: 2.78115%; height: 15px;\" data-sheets-value=\"{&quot;1&quot;:3,&quot;3&quot;:0.3784722222222222}\" data-sheets-numberformat=\"{&quot;1&quot;:6,&quot;2&quot;:&quot;h:mm&quot;,&quot;3&quot;:1}\" data-sheets-formula=\"=R[-1]C[1]\"><span style=\"font-size: 14pt;\"><strong>9:05<\/strong><\/span><\/td>\n<td style=\"width: 56.9036%; height: 15px; text-align: left;\" data-sheets-value=\"{&quot;1&quot;:2,&quot;2&quot;:&quot;Adam Moravec&quot;}\"><strong>Adam Moravec<\/strong> | CZ Biom<\/td>\n<\/tr>\n<tr style=\"height: 15px;\">\n<td style=\"width: 2.78115%; height: 15px;\"><span style=\"font-size: 14pt;\"><strong>\u00a0<\/strong><\/span><\/td>\n<td style=\"width: 56.9036%; text-align: left; height: 15px;\">\n<p><em><a href=\"https:\/\/www.czbiom.cz\/wp-content\/uploads\/2_Adam-Moravec_IRR.pdf\">Kontroly p\u0159im\u011b\u0159enosti podpory IRR<\/a><\/em><\/p>\n<p><em><a href=\"https:\/\/www.czbiom.cz\/wp-content\/uploads\/2_Adam-Moravec_odkazy.pdf\">Odkazy na vyhl\u00e1\u0161ky<\/a><\/em><\/p>\n<\/td>\n<\/tr>\n<tr style=\"height: 15px;\">\n<td style=\"width: 2.78115%; height: 15px;\" data-sheets-value=\"{&quot;1&quot;:3,&quot;3&quot;:0.3923611111111111}\" data-sheets-numberformat=\"{&quot;1&quot;:6,&quot;2&quot;:&quot;h:mm&quot;,&quot;3&quot;:1}\" data-sheets-formula=\"=R[-1]C[1]\"><span style=\"font-size: 14pt;\"><strong>9:25<\/strong><\/span><\/td>\n<td style=\"width: 56.9036%; height: 15px; text-align: left;\" data-sheets-value=\"{&quot;1&quot;:2,&quot;2&quot;:&quot;Lud\u011bk \u0160ikola&quot;}\"><strong>Jan Habart<\/strong> | CZ Biom<\/td>\n<\/tr>\n<tr style=\"height: 15px;\">\n<td style=\"width: 2.78115%; height: 15px;\"><span style=\"font-size: 14pt;\"><strong>\u00a0<\/strong><\/span><\/td>\n<td style=\"width: 56.9036%; text-align: left; height: 15px;\"><em><a href=\"https:\/\/www.czbiom.cz\/wp-content\/uploads\/3_Jan-Habart_Uspora-CO2-pri-vyrobe-bioplynu-podpora-aplikace-kompostu-bioplyn-z-vojtesky.pdf\">\u00daspora CO2 p\u0159i v\u00fdrob\u011b bioplynu, podpora aplikace kompost\u016f, bioplyn z vojt\u011b\u0161ky<\/a><\/em><\/td>\n<\/tr>\n<tr style=\"height: 28px;\">\n<td style=\"width: 2.78115%; height: 28px;\"><span style=\"font-size: 14pt;\"><strong>9:50<\/strong><\/span><\/td>\n<td style=\"width: 56.9036%; text-align: left; height: 28px;\"><span style=\"font-size: 12pt;\"><strong>Lud\u011bk \u0160ikola<\/strong> | Doucha \u0160ikola<\/span><\/td>\n<\/tr>\n<tr style=\"height: 15px;\">\n<td style=\"width: 2.78115%; height: 15px;\"><span style=\"font-size: 14pt;\"><strong>\u00a0<\/strong><\/span><\/td>\n<td style=\"width: 56.9036%; text-align: left; height: 15px;\"><a href=\"https:\/\/www.czbiom.cz\/wp-content\/uploads\/4_Sikola_Kontroly-prekompenzace-a-investicni-podpora.pdf\">Kontroly p\u0159ekompenzace a investi\u010dn\u00ed podpora<\/a><\/td>\n<\/tr>\n<tr style=\"height: 15px;\">\n<td style=\"width: 2.78115%; height: 15px;\" data-sheets-value=\"{&quot;1&quot;:3,&quot;3&quot;:0.4166666666666667}\" data-sheets-numberformat=\"{&quot;1&quot;:6,&quot;2&quot;:&quot;h:mm&quot;,&quot;3&quot;:1}\" data-sheets-formula=\"=R[-1]C[1]\"><span style=\"font-size: 14pt;\"><strong>10:10<\/strong><\/span><\/td>\n<td style=\"width: 56.9036%; height: 15px; text-align: left;\" data-sheets-value=\"{&quot;1&quot;:2,&quot;2&quot;:&quot;Jan Habart&quot;}\"><strong>Julie Daj\u010dl<\/strong> | CZ Biom<\/td>\n<\/tr>\n<tr style=\"height: 15px;\">\n<td style=\"width: 2.78115%; height: 15px;\"><span style=\"font-size: 14pt;\"><strong>\u00a0<\/strong><\/span><\/td>\n<td style=\"width: 56.9036%; text-align: left; height: 15px;\"><em><a href=\"https:\/\/www.czbiom.cz\/wp-content\/uploads\/5_Julie-Dajcl_Aktualni-stav-certifikace-kriterii-udrzitelnosti.pdf\">Aktu\u00e1ln\u00ed stav certifikace krit\u00e9ri\u00ed udr\u017eitelnosti<\/a><br \/>\n<\/em><\/td>\n<\/tr>\n<tr style=\"height: 15px;\">\n<td style=\"width: 2.78115%; height: 15px;\" data-sheets-value=\"{&quot;1&quot;:3,&quot;3&quot;:0.4305555555555556}\" data-sheets-numberformat=\"{&quot;1&quot;:6,&quot;2&quot;:&quot;h:mm&quot;,&quot;3&quot;:1}\" data-sheets-formula=\"=R[-1]C[1]\"><span style=\"font-size: 14pt;\"><strong>10:20<\/strong><\/span><\/td>\n<td style=\"width: 56.9036%; height: 15px; text-align: left;\" data-sheets-value=\"{&quot;1&quot;:2,&quot;2&quot;:&quot;p\u0159est\u00e1vka&quot;}\"><em>p\u0159est\u00e1vka<\/em><\/td>\n<\/tr>\n<tr style=\"height: 15px;\">\n<td style=\"width: 2.78115%; height: 15px;\" data-sheets-value=\"{&quot;1&quot;:3,&quot;3&quot;:0.4444444444444445}\" data-sheets-numberformat=\"{&quot;1&quot;:6,&quot;2&quot;:&quot;h:mm&quot;,&quot;3&quot;:1}\" data-sheets-formula=\"=R[-1]C[1]\"><span style=\"font-size: 14pt;\"><strong>10:40<\/strong><\/span><\/td>\n<td style=\"width: 56.9036%; height: 15px; text-align: left;\" data-sheets-value=\"{&quot;1&quot;:2,&quot;2&quot;:&quot;Adam Moravec&quot;}\"><strong>Adam Moravec<\/strong> | CZ Biom<\/td>\n<\/tr>\n<tr style=\"height: 15px;\">\n<td style=\"width: 2.78115%; height: 15px;\"><span style=\"font-size: 14pt;\"><strong>\u00a0<\/strong><\/span><\/td>\n<td style=\"width: 56.9036%; text-align: left; height: 15px;\"><em>Cenov\u00e9 rozhodnut\u00ed, valorizace podpory, investi\u010dn\u00ed podpory: zakr\u00fdv\u00e1n\u00ed konc\u00e1k\u016f<\/em><\/td>\n<\/tr>\n<tr style=\"height: 15px;\">\n<td style=\"width: 2.78115%; height: 15px;\" data-sheets-value=\"{&quot;1&quot;:3,&quot;3&quot;:0.45833333333333337}\" data-sheets-numberformat=\"{&quot;1&quot;:6,&quot;2&quot;:&quot;h:mm&quot;,&quot;3&quot;:1}\" data-sheets-formula=\"=R[-1]C[1]\"><span style=\"font-size: 14pt;\"><strong>11:00<\/strong><\/span><\/td>\n<td style=\"width: 56.9036%; height: 15px; text-align: left;\" data-sheets-value=\"{&quot;1&quot;:2,&quot;2&quot;:&quot;Martin Schwarz&quot;}\"><strong>Martin Schwarz<\/strong> | CZ Biom\u00a0<\/td>\n<\/tr>\n<tr style=\"height: 15px;\">\n<td style=\"width: 2.78115%; height: 15px;\"><span style=\"font-size: 14pt;\"><strong>\u00a0<\/strong><\/span><\/td>\n<td style=\"width: 56.9036%; text-align: left; height: 15px;\"><em><a href=\"https:\/\/www.czbiom.cz\/wp-content\/uploads\/7_Martin-Schwarz_Podpora-biometanu.pdf\">Podpora biometanu<\/a><\/em><\/td>\n<\/tr>\n<tr style=\"height: 15px;\">\n<td style=\"width: 2.78115%; height: 15px;\" data-sheets-value=\"{&quot;1&quot;:3,&quot;3&quot;:0.4756944444444445}\" data-sheets-numberformat=\"{&quot;1&quot;:6,&quot;2&quot;:&quot;h:mm&quot;,&quot;3&quot;:1}\" data-sheets-formula=\"=R[-1]C[1]\"><span style=\"font-size: 14pt;\"><strong>11:25<\/strong><\/span><\/td>\n<td style=\"width: 56.9036%; height: 15px; text-align: left;\" data-sheets-value=\"{&quot;1&quot;:2,&quot;2&quot;:&quot;Josef T\u0159etina&quot;}\"><strong>Jaroslav Leke\u0161<\/strong> | Top Oil<\/td>\n<\/tr>\n<tr style=\"height: 15px;\">\n<td style=\"width: 2.78115%; height: 15px;\"><span style=\"font-size: 14pt;\"><strong>\u00a0<\/strong><\/span><\/td>\n<td style=\"width: 56.9036%; text-align: left; height: 15px;\"><em><a href=\"https:\/\/www.czbiom.cz\/wp-content\/uploads\/7_TopOil_Jenbacher_S_Oil.pdf\">Provozn\u00ed zku\u0161enosti s aplikac\u00ed olej\u016f Jenbacher S Oil<\/a><\/em><\/td>\n<\/tr>\n<tr style=\"height: 28px;\">\n<td style=\"width: 2.78115%; height: 28px;\"><span style=\"font-size: 14pt;\"><strong>11:40<\/strong><\/span><\/td>\n<td style=\"width: 56.9036%; text-align: left; height: 28px;\"><span style=\"font-size: 12pt;\"><strong>Jaroslav \u0160perl <\/strong>| EBW Solution<\/span><\/td>\n<\/tr>\n<tr style=\"height: 15px;\">\n<td style=\"width: 2.78115%; height: 15px;\"><span style=\"font-size: 14pt;\"><strong>\u00a0<\/strong><\/span><\/td>\n<td style=\"width: 56.9036%; text-align: left; height: 15px;\"><em><a href=\"https:\/\/www.czbiom.cz\/wp-content\/uploads\/9_Jaroslav-Sperl_Priprava-dokumentace-na-kriteria-udrzitelnosti.pdf\">P\u0159\u00edprava dokumentace na krit\u00e9ria udr\u017eitelnosti<\/a><\/em><\/td>\n<\/tr>\n<tr style=\"height: 15px;\">\n<td style=\"width: 2.78115%; height: 15px;\"><span style=\"font-size: 14pt;\"><strong>11:45<\/strong><\/span><\/td>\n<td style=\"width: 56.9036%; text-align: left; height: 15px;\"><strong>Ji\u0159\u00ed Krej\u010d\u00ed<\/strong> | URS<\/td>\n<\/tr>\n<tr style=\"height: 15px;\">\n<td style=\"width: 2.78115%; height: 15px;\"><span style=\"font-size: 14pt;\"><strong>\u00a0<\/strong><\/span><\/td>\n<td style=\"width: 56.9036%; text-align: left; height: 15px;\"><em><a href=\"https:\/\/www.czbiom.cz\/wp-content\/uploads\/10_Jiri-Krejci_URS_Certifikace-kriterii-udrzitelnosti.pdf\">Certifikace krit\u00e9ri\u00ed udr\u017eitelnosti<\/a><\/em><\/td>\n<\/tr>\n<tr style=\"height: 15px;\">\n<td style=\"width: 2.78115%; height: 15px;\" data-sheets-value=\"{&quot;1&quot;:3,&quot;3&quot;:0.5069444444444444}\" data-sheets-numberformat=\"{&quot;1&quot;:6,&quot;2&quot;:&quot;h:mm&quot;,&quot;3&quot;:1}\" data-sheets-formula=\"=R[-1]C[1]\"><span style=\"font-size: 14pt;\"><strong>11:50<\/strong><\/span><\/td>\n<td style=\"width: 56.9036%; height: 15px; text-align: left;\" data-sheets-value=\"{&quot;1&quot;:2,&quot;2&quot;:&quot;Robert \u0160tefanec&quot;}\"><strong>Robert \u0160tefanec<\/strong> | NRG Flex<\/td>\n<\/tr>\n<tr style=\"height: 15px;\">\n<td style=\"width: 2.78115%; height: 15px; text-align: right;\"><span style=\"font-size: 14pt;\"><strong>\u00a0<\/strong><\/span><\/td>\n<td style=\"width: 56.9036%; height: 15px; text-align: left;\"><em><a href=\"https:\/\/www.czbiom.cz\/wp-content\/uploads\/11_NRGflex_Teplovody.pdf\">Vyu\u017eit\u00ed v\u00fdroby tepla<\/a><\/em><\/td>\n<\/tr>\n<tr style=\"height: 15px;\">\n<td style=\"width: 2.78115%; height: 15px;\"><span style=\"font-size: 14pt;\"><strong>11:55<\/strong><\/span><\/td>\n<td style=\"width: 56.9036%; height: 15px; text-align: left;\"><strong>Ilona Paskov\u00e1<\/strong> | GasNet<\/td>\n<\/tr>\n<tr style=\"height: 15px;\">\n<td style=\"width: 2.78115%; height: 15px; text-align: right;\"><span style=\"font-size: 14pt;\"><strong>\u00a0<\/strong><\/span><\/td>\n<td style=\"width: 56.9036%; height: 15px; text-align: left;\"><em><a href=\"https:\/\/www.czbiom.cz\/wp-content\/uploads\/12_Paskova_GasNet_Pripojovani-vyroben-biometanu.pdf\">P\u0159ipojov\u00e1n\u00ed v\u00fdroben biometanu<\/a><\/em><\/td>\n<\/tr>\n<tr style=\"height: 15px;\">\n<td style=\"width: 2.78115%; height: 15px;\" data-sheets-value=\"{&quot;1&quot;:3,&quot;3&quot;:0.5104166666666666}\" data-sheets-numberformat=\"{&quot;1&quot;:6,&quot;2&quot;:&quot;h:mm&quot;,&quot;3&quot;:1}\" data-sheets-formula=\"=R[-1]C[1]\"><span style=\"font-size: 14pt;\"><strong>12:15<\/strong><\/span><\/td>\n<td style=\"width: 56.9036%; height: 15px; text-align: left;\" data-sheets-value=\"{&quot;1&quot;:2,&quot;2&quot;:&quot;Ond\u0159ej Fri\u010d&quot;}\"><strong>Ond\u0159ej Fri\u010d<\/strong> | agriKomp Bohemia<\/td>\n<\/tr>\n<tr style=\"height: 15px;\">\n<td style=\"width: 2.78115%; height: 15px; text-align: right;\"><span style=\"font-size: 14pt;\"><strong>\u00a0<\/strong><\/span><\/td>\n<td style=\"width: 56.9036%; height: 15px; text-align: left;\"><em><a href=\"https:\/\/www.czbiom.cz\/wp-content\/uploads\/13_agriKomp_Priprava-biometanovych-projektu.pdf\">P\u0159\u00edprava biometanov\u00fdch projekt\u016f<\/a><\/em><\/td>\n<\/tr>\n<tr style=\"height: 15px;\">\n<td style=\"width: 2.78115%; height: 15px;\" data-sheets-value=\"{&quot;1&quot;:3,&quot;3&quot;:0.5138888888888888}\" data-sheets-numberformat=\"{&quot;1&quot;:6,&quot;2&quot;:&quot;h:mm&quot;,&quot;3&quot;:1}\" data-sheets-formula=\"=R[-1]C[1]\"><span style=\"font-size: 14pt;\"><strong>12:20<\/strong><\/span><\/td>\n<td style=\"width: 56.9036%; height: 15px; text-align: left;\"><strong>Lubom\u00edr Hnilica<\/strong> | EnviTec<\/td>\n<\/tr>\n<tr style=\"height: 15px;\">\n<td style=\"width: 2.78115%; height: 15px; text-align: right;\"><span style=\"font-size: 14pt;\"><strong>\u00a0<\/strong><\/span><\/td>\n<td style=\"width: 56.9036%; height: 15px; text-align: left;\"><em><a href=\"https:\/\/www.czbiom.cz\/wp-content\/uploads\/14_EnviTec_Biometanove-projekty.pdf\">Biometanov\u00e9 projekty<\/a><br \/>\n<\/em><\/td>\n<\/tr>\n<tr style=\"height: 15px;\">\n<td style=\"width: 2.78115%; height: 15px;\" data-sheets-value=\"{&quot;1&quot;:3,&quot;3&quot;:0.5208333333333333}\" data-sheets-numberformat=\"{&quot;1&quot;:6,&quot;2&quot;:&quot;h:mm&quot;,&quot;3&quot;:1}\" data-sheets-formula=\"=R[-1]C[1]\"><span style=\"font-size: 14pt;\"><strong>12:30<\/strong><\/span><\/td>\n<td style=\"height: 15px; text-align: left; width: 56.9036%;\" data-sheets-value=\"{&quot;1&quot;:2,&quot;2&quot;:&quot;ob\u011bd&quot;}\"><em>ob\u011bd<\/em><\/td>\n<\/tr>\n<tr style=\"height: 15px;\">\n<td style=\"width: 2.78115%; height: 15px;\"><span style=\"font-size: 14pt;\"><strong>13.30<\/strong><\/span><\/td>\n<td style=\"width: 56.9036%; height: 15px; text-align: left;\"><strong>Valn\u00e1 hromada<\/strong><\/td>\n<\/tr>\n<tr style=\"height: 28px;\">\n<td style=\"width: 2.78115%; height: 28px;\"><span style=\"font-size: 14pt;\"><strong>\u00a0<\/strong><\/span><\/td>\n<td style=\"width: 56.9036%; text-align: left; height: 28px;\"><em>pouze pro \u010dleny CZ Biom<\/em><\/td>\n<\/tr>\n<\/tbody>\n<\/table>\n<\/div>\n<h2><strong>2) ZRU\u0160ENO &#8211; Sch\u016fze sekce V\u00fdroba tepla a elekt\u0159iny z biomasy<\/strong><\/h2>\n<p>&nbsp;<\/p>\n<h2><strong>3) Valn\u00e1 hromada CZ Biom<\/strong><\/h2>\n<p>Tato akce je ur\u010dena <strong>pouze pro \u010dleny CZ Biom<\/strong> se zaplacen\u00fdm \u010dlensk\u00fdm p\u0159\u00edsp\u011bvkem na rok 2022.<\/p>\n<p>Akce <strong>nebude<\/strong> p\u0159en\u00e1\u0161ena <strong>online<\/strong>.<\/p>\n<p><strong>Hlasov\u00e1n\u00ed<\/strong> na Valn\u00e9 hromad\u011b CZ Biom se m\u016f\u017ee \u00fa\u010dastnit <strong>pouze jednatel<\/strong>\/p\u0159edseda\/\u0159editel spole\u010dnosti, p\u0159\u00edp. <strong>jeho z\u00e1stupce s Plnou moc\u00ed<\/strong> s \u00fa\u0159edn\u011b ov\u011b\u0159en\u00fdm podpisem osoby, kter\u00e1 je zastupov\u00e1na.<\/p>\n<p>Podepsanou plnou moc lze zaslat p\u0159edem po\u0161tou na adresu CZ Biom, Opletalova 7\/918, 111 44 Praha 1 nebo odevzdat p\u0159i registraci dne 24. 5. 2022.<\/p>\n<p><a href=\"https:\/\/www.czbiom.cz\/wp-content\/uploads\/P-L-N-A-M-O-C.docx\">Pln\u00e1 moc<\/a> (word)<\/p>\n<p><a href=\"https:\/\/www.czbiom.cz\/wp-content\/uploads\/P-L-N-A-M-O-C.pdf\">Pln\u00e1 moc<\/a> (pdf)<\/p>\n<p>Program bude brzy dopln\u011bn.<\/p>\n<h2>M\u00edsto<\/h2>\n<p><strong>Hotel Akademie Nah\u00e1\u010d<\/strong><\/p>\n<p>Komorn\u00ed Hr\u00e1dek 277, 257 24 Chocerady<\/p>\n<p>GPS sou\u0159adnice: 49.8617619N, 14.7922983E<\/p>\n<p>nedaleko sjezdu EXIT 29 na d\u00e1lnici D1<\/p>\n<p>B\u011bhem akce bude k dispozici <strong>ob\u010derstven\u00ed<\/strong>.<\/p>\n<p><strong>N\u00e1\u0161 t\u00fdm bude na m\u00edst\u011b ji\u017e den p\u0159edem<\/strong>, tak\u017ee kdo bude m\u00edt z\u00e1jem p\u0159ijet a potkat se s n\u00e1mi, budeme tu pro V\u00e1s.<\/p>\n<p><strong>Ubytov\u00e1n\u00ed<\/strong> si hrad\u00ed a rezervuj\u00ed \u00fa\u010dastn\u00edci konference sami.<\/p>\n<h2>Vlo\u017en\u00e9<\/h2>\n<p><strong>\u010dlen <\/strong>CZ Biom<strong> fyzick\u00e1 \u00fa\u010dast: <\/strong>500 K\u010d bez DPH \/ 1 osoba &#8211; celkov\u011b <strong>605 K\u010d<\/strong><\/p>\n<p><strong>\u010dlen <\/strong>CZ Biom<strong> online \u00fa\u010dast: zdarma <br \/>\n<\/strong><\/p>\n<p><strong>NE\u010dlen <\/strong>CZ Biom<strong> fyzick\u00e1 \u00fa\u010dast: <\/strong>1.500 K\u010d bez DPH \/ 1 osoba &#8211; celkov\u011b <strong>1.815 K\u010d<\/strong><\/p>\n<p><strong>NE\u010dlen <\/strong>CZ Biom<strong> online \u00fa\u010dast: <\/strong>800 K\u010d bez DPH \/\u00a0 1 osoba &#8211; celkov\u011b <strong>968 K\u010d<\/strong><\/p>\n<p><strong>m\u00e9dia fyzicky \/ online:<\/strong> <strong>zdarma<\/strong>, pros\u00edme do pozn\u00e1mky uv\u00e9st n\u00e1zev m\u00e9dia.<\/p>\n<p>Platebn\u00ed instrukce\u00a0obdr\u017e\u00edte v potvrzovac\u00edm emailu po \u00fasp\u011b\u0161n\u00e9 registraci.<\/p>\n<p>&nbsp;<\/p>\n<p>V den akce si pros\u00edm p\u0159ineste potvrzen\u00ed o platb\u011b vlo\u017en\u00e9ho.<\/p>\n<p>Platba v hotovosti na m\u00edst\u011b nen\u00ed mo\u017en\u00e1!<\/p>\n<p>&nbsp;<\/p>\n<h2>Registrace &#8211; kapacita s\u00e1lu byla napln\u011bna, registrace mo\u017en\u00e1 na online verzi<\/h2>\n<p>Pro \u00fa\u010dast je pot\u0159eba <strong>registrace<\/strong>.<\/p>\n<p>V p\u0159\u00edpad\u011b <strong>registrace v\u00edce osob, vyu\u017eijte pros\u00edm registra\u010dn\u00ed formul\u00e1\u0159 opakovan\u011b<\/strong>. Neregistrujte v jednom formul\u00e1\u0159i v\u00edce osob.<\/p>\n<h2>Partnerstv\u00ed<\/h2>\n<p>Limit po\u010dtu partner\u016f je ji\u017e napln\u011bn.<\/p>\n<p>&nbsp;<\/p>\n<h3><em>Storno podm\u00ednky<\/em><\/h3>\n<p>P\u0159ihl\u00e1\u0161ka na akci je z\u00e1vazn\u00e1 a je mo\u017en\u00e9 ji zru\u0161it pouze p\u00edsemn\u011b (e-mailem) na <a href=\"mailto:sekretariat@biom.cz\">sekretariat@biom.cz<\/a>.<br \/>\nV p\u0159\u00edpad\u011b odhl\u00e1\u0161en\u00ed 7 a v\u00edce dn\u00ed p\u0159ed kon\u00e1n\u00edm akce vrac\u00edme poplatek v pln\u00e9 v\u00fd\u0161i. V p\u0159\u00edpad\u011b zru\u0161en\u00ed \u00fa\u010dasti 6 a m\u00e9n\u011b dn\u00ed p\u0159ed kon\u00e1n\u00edm akce nebo p\u0159i ne\u00fa\u010dasti na akci se \u00fa\u010dastnick\u00fd poplatek nevrac\u00ed (tj. storno poplatek \u010din\u00ed 100 %).<\/p>\n<p>Storno se neplat\u00ed, pokud \u00fa\u010dastn\u00edk s\u00e1m zajist\u00ed vhodn\u00e9ho n\u00e1hradn\u00edka. Cel\u00e1 \u010d\u00e1stka se na n\u011bj p\u0159ev\u00e1d\u00ed. Tuto skute\u010dnost je \u00fa\u010dastn\u00edk povinen nahl\u00e1sit p\u00edsemn\u011b (e-mailem) na <a href=\"mailto:sekretariat@biom.cz\">sekretariat@biom.cz<\/a>. Ve v\u0161ech ostatn\u00edch p\u0159\u00edpadech se storno poplatek \u00fa\u010dtuje.<\/p>\n<p>Poplatek nelze p\u0159ev\u00e9st na jinou akci.<\/p>\n<h3><em>GDPR prohl\u00e1\u0161en\u00ed<\/em><\/h3>\n<p><em>\u00da\u010dastn\u00edk akce (subjekt \u00fadaj\u016f) d\u00e1v\u00e1 sv\u00fdm podpisem souhlas se zpracov\u00e1n\u00edm sv\u00fdch osobn\u00edch \u00fadaj\u016f, tedy jm\u00e9na, p\u0159\u00edjmen\u00ed, emailu a jin\u00fdch kontaktn\u00edch \u00fadaj\u016f a fotografick\u00fdch materi\u00e1l\u016f z konference\/semin\u00e1\u0159e CZ Biom &#8211; \u010cesk\u00e9 sdru\u017een\u00ed pro biomasu,\u00a0\u00a0z.s., s\u00eddlem Drnovsk\u00e1 507\/73, Ruzyn\u011b, 161 00 Praha, I\u010c: 61383929. CZ Biom &#8211; \u010cesk\u00e9 sdru\u017een\u00ed pro biomasu,\u00a0\u00a0z.s. zpracuje osobn\u00ed \u00fadaje pro \u00fa\u010dely zas\u00edl\u00e1n\u00ed pozv\u00e1nek na budouc\u00ed akce a informov\u00e1n\u00ed o aktivit\u00e1ch CZ Biom prost\u0159ednictv\u00edm emailu. Subjekt \u00fadaj\u016f m\u00e1 mo\u017enost ud\u011blen\u00fd souhlas kdykoliv odvolat dopisem nebo emailem na <a href=\"mailto:sekretariat@biom.cz\">sekretariat@biom.cz<\/a><\/em><\/p>\n<p><em>(V p\u0159\u00edpad\u011b nesouhlasu V\u00e1m CZ Biom nebude moci zas\u00edlat informa\u010dn\u00ed emaily a ve\u0161ker\u00e1 komunikace bude muset prob\u00edhat korespondenc\u00ed!)\u00a0<\/em><\/p>\n","protected":false},"template":"","categories":[40,21],"class_list":["post-571","akce","type-akce","status-publish","hentry","category-2022-prehled-akci","category-prehled-akci"],"acf":[],"yoast_head":"<!-- This site is optimized with the Yoast SEO plugin v27.4 - https:\/\/yoast.com\/product\/yoast-seo-wordpress\/ -->\n<title>Konference Bioplyn a legislativa 2022 a Valn\u00e1 hromada CZ BIOM - \u010cesk\u00e9 sdru\u017een\u00ed pro biomasu<\/title>\n<meta name=\"robots\" content=\"index, follow, max-snippet:-1, max-image-preview:large, max-video-preview:-1\" \/>\n<link rel=\"canonical\" href=\"https:\/\/www.czbiom.cz\/en\/akce\/konference-bioplyn-a-legislativa-2022\/\" \/>\n<meta property=\"og:locale\" content=\"en_US\" \/>\n<meta property=\"og:type\" content=\"article\" \/>\n<meta property=\"og:title\" content=\"Konference Bioplyn a legislativa 2022 a Valn\u00e1 hromada CZ BIOM - \u010cesk\u00e9 sdru\u017een\u00ed pro biomasu\" \/>\n<meta property=\"og:description\" content=\"Dne 24. kv\u011btna 2022 se uskute\u010dn\u00ed ji\u017e tradi\u010dn\u00ed jarn\u00ed akce CZ Biom. Letos se setk\u00e1me v Hotelu Akademie Nah\u00e1\u010d. Akce, kter\u00e9 se uskute\u010dn\u00ed: 1) Bioplyn a legislativa &#8211; registrace u\u017e jen na online verzi Tradi\u010dn\u00ed jarn\u00ed konference CZ Biom v\u011bnovan\u00e1 t\u00e9mat\u016fm z oblasti bioplynu, biometanu a bioodpad\u016f. Tato konference bude p\u0159en\u00e1\u0161ena i online (ostatn\u00ed dv\u011b [&hellip;]\" \/>\n<meta property=\"og:url\" content=\"https:\/\/www.czbiom.cz\/en\/akce\/konference-bioplyn-a-legislativa-2022\/\" \/>\n<meta property=\"og:site_name\" content=\"\u010cesk\u00e9 sdru\u017een\u00ed pro biomasu\" \/>\n<meta property=\"article:publisher\" content=\"https:\/\/www.facebook.com\/czbiom\/\" \/>\n<meta property=\"article:modified_time\" content=\"2022-05-26T14:27:02+00:00\" \/>\n<meta property=\"og:image\" content=\"https:\/\/www.czbiom.cz\/wp-content\/uploads\/logo-fb.png\" \/>\n\t<meta property=\"og:image:width\" content=\"1200\" \/>\n\t<meta property=\"og:image:height\" content=\"630\" \/>\n\t<meta property=\"og:image:type\" content=\"image\/png\" \/>\n<meta name=\"twitter:card\" content=\"summary_large_image\" \/>\n<meta name=\"twitter:site\" content=\"@CZBiom\" \/>\n<meta name=\"twitter:label1\" content=\"Est. reading time\" \/>\n\t<meta name=\"twitter:data1\" content=\"4 minutes\" \/>\n<script type=\"application\/ld+json\" class=\"yoast-schema-graph\">{\"@context\":\"https:\\\/\\\/schema.org\",\"@graph\":[{\"@type\":\"WebPage\",\"@id\":\"https:\\\/\\\/www.czbiom.cz\\\/en\\\/akce\\\/konference-bioplyn-a-legislativa-2022\\\/\",\"url\":\"https:\\\/\\\/www.czbiom.cz\\\/en\\\/akce\\\/konference-bioplyn-a-legislativa-2022\\\/\",\"name\":\"Konference Bioplyn a legislativa 2022 a Valn\u00e1 hromada CZ BIOM - \u010cesk\u00e9 sdru\u017een\u00ed pro biomasu\",\"isPartOf\":{\"@id\":\"https:\\\/\\\/www.czbiom.cz\\\/en\\\/#website\"},\"datePublished\":\"2022-03-10T08:00:29+00:00\",\"dateModified\":\"2022-05-26T14:27:02+00:00\",\"breadcrumb\":{\"@id\":\"https:\\\/\\\/www.czbiom.cz\\\/en\\\/akce\\\/konference-bioplyn-a-legislativa-2022\\\/#breadcrumb\"},\"inLanguage\":\"en-US\",\"potentialAction\":[{\"@type\":\"ReadAction\",\"target\":[[\"https:\\\/\\\/www.czbiom.cz\\\/en\\\/akce\\\/konference-bioplyn-a-legislativa-2022\\\/\"]]}]},{\"@type\":\"BreadcrumbList\",\"@id\":\"https:\\\/\\\/www.czbiom.cz\\\/en\\\/akce\\\/konference-bioplyn-a-legislativa-2022\\\/#breadcrumb\",\"itemListElement\":[{\"@type\":\"ListItem\",\"position\":1,\"name\":\"Dom\u016f\",\"item\":\"https:\\\/\\\/www.czbiom.cz\\\/en\\\/\"},{\"@type\":\"ListItem\",\"position\":2,\"name\":\"Konference Bioplyn a legislativa 2022 a Valn\u00e1 hromada CZ BIOM\"}]},{\"@type\":\"WebSite\",\"@id\":\"https:\\\/\\\/www.czbiom.cz\\\/en\\\/#website\",\"url\":\"https:\\\/\\\/www.czbiom.cz\\\/en\\\/\",\"name\":\"\u010cesk\u00e9 sdru\u017een\u00ed pro biomasu\",\"description\":\"\",\"publisher\":{\"@id\":\"https:\\\/\\\/www.czbiom.cz\\\/en\\\/#organization\"},\"potentialAction\":[{\"@type\":\"SearchAction\",\"target\":{\"@type\":\"EntryPoint\",\"urlTemplate\":\"https:\\\/\\\/www.czbiom.cz\\\/en\\\/?s={search_term_string}\"},\"query-input\":{\"@type\":\"PropertyValueSpecification\",\"valueRequired\":true,\"valueName\":\"search_term_string\"}}],\"inLanguage\":\"en-US\"},{\"@type\":\"Organization\",\"@id\":\"https:\\\/\\\/www.czbiom.cz\\\/en\\\/#organization\",\"name\":\"\u010cesk\u00e9 sdru\u017een\u00ed pro biomasu\",\"url\":\"https:\\\/\\\/www.czbiom.cz\\\/en\\\/\",\"logo\":{\"@type\":\"ImageObject\",\"inLanguage\":\"en-US\",\"@id\":\"https:\\\/\\\/www.czbiom.cz\\\/en\\\/#\\\/schema\\\/logo\\\/image\\\/\",\"url\":\"https:\\\/\\\/www.czbiom.cz\\\/wp-content\\\/uploads\\\/logo-fb.png\",\"contentUrl\":\"https:\\\/\\\/www.czbiom.cz\\\/wp-content\\\/uploads\\\/logo-fb.png\",\"width\":1200,\"height\":630,\"caption\":\"\u010cesk\u00e9 sdru\u017een\u00ed pro biomasu\"},\"image\":{\"@id\":\"https:\\\/\\\/www.czbiom.cz\\\/en\\\/#\\\/schema\\\/logo\\\/image\\\/\"},\"sameAs\":[\"https:\\\/\\\/www.facebook.com\\\/czbiom\\\/\",\"https:\\\/\\\/x.com\\\/CZBiom\",\"https:\\\/\\\/www.youtube.com\\\/@czbiom5277\",\"https:\\\/\\\/www.linkedin.com\\\/company\\\/asociaceczbiom\"]}]}<\/script>\n<!-- \/ Yoast SEO plugin. -->","yoast_head_json":{"title":"Konference Bioplyn a legislativa 2022 a Valn\u00e1 hromada CZ BIOM - \u010cesk\u00e9 sdru\u017een\u00ed pro biomasu","robots":{"index":"index","follow":"follow","max-snippet":"max-snippet:-1","max-image-preview":"max-image-preview:large","max-video-preview":"max-video-preview:-1"},"canonical":"https:\/\/www.czbiom.cz\/en\/akce\/konference-bioplyn-a-legislativa-2022\/","og_locale":"en_US","og_type":"article","og_title":"Konference Bioplyn a legislativa 2022 a Valn\u00e1 hromada CZ BIOM - \u010cesk\u00e9 sdru\u017een\u00ed pro biomasu","og_description":"Dne 24. kv\u011btna 2022 se uskute\u010dn\u00ed ji\u017e tradi\u010dn\u00ed jarn\u00ed akce CZ Biom. Letos se setk\u00e1me v Hotelu Akademie Nah\u00e1\u010d. Akce, kter\u00e9 se uskute\u010dn\u00ed: 1) Bioplyn a legislativa &#8211; registrace u\u017e jen na online verzi Tradi\u010dn\u00ed jarn\u00ed konference CZ Biom v\u011bnovan\u00e1 t\u00e9mat\u016fm z oblasti bioplynu, biometanu a bioodpad\u016f. Tato konference bude p\u0159en\u00e1\u0161ena i online (ostatn\u00ed dv\u011b [&hellip;]","og_url":"https:\/\/www.czbiom.cz\/en\/akce\/konference-bioplyn-a-legislativa-2022\/","og_site_name":"\u010cesk\u00e9 sdru\u017een\u00ed pro biomasu","article_publisher":"https:\/\/www.facebook.com\/czbiom\/","article_modified_time":"2022-05-26T14:27:02+00:00","og_image":[{"width":1200,"height":630,"url":"https:\/\/www.czbiom.cz\/wp-content\/uploads\/logo-fb.png","type":"image\/png"}],"twitter_card":"summary_large_image","twitter_site":"@CZBiom","twitter_misc":{"Est. reading time":"4 minutes"},"schema":{"@context":"https:\/\/schema.org","@graph":[{"@type":"WebPage","@id":"https:\/\/www.czbiom.cz\/en\/akce\/konference-bioplyn-a-legislativa-2022\/","url":"https:\/\/www.czbiom.cz\/en\/akce\/konference-bioplyn-a-legislativa-2022\/","name":"Konference Bioplyn a legislativa 2022 a Valn\u00e1 hromada CZ BIOM - \u010cesk\u00e9 sdru\u017een\u00ed pro biomasu","isPartOf":{"@id":"https:\/\/www.czbiom.cz\/en\/#website"},"datePublished":"2022-03-10T08:00:29+00:00","dateModified":"2022-05-26T14:27:02+00:00","breadcrumb":{"@id":"https:\/\/www.czbiom.cz\/en\/akce\/konference-bioplyn-a-legislativa-2022\/#breadcrumb"},"inLanguage":"en-US","potentialAction":[{"@type":"ReadAction","target":[["https:\/\/www.czbiom.cz\/en\/akce\/konference-bioplyn-a-legislativa-2022\/"]]}]},{"@type":"BreadcrumbList","@id":"https:\/\/www.czbiom.cz\/en\/akce\/konference-bioplyn-a-legislativa-2022\/#breadcrumb","itemListElement":[{"@type":"ListItem","position":1,"name":"Dom\u016f","item":"https:\/\/www.czbiom.cz\/en\/"},{"@type":"ListItem","position":2,"name":"Konference Bioplyn a legislativa 2022 a Valn\u00e1 hromada CZ BIOM"}]},{"@type":"WebSite","@id":"https:\/\/www.czbiom.cz\/en\/#website","url":"https:\/\/www.czbiom.cz\/en\/","name":"\u010cesk\u00e9 sdru\u017een\u00ed pro biomasu","description":"","publisher":{"@id":"https:\/\/www.czbiom.cz\/en\/#organization"},"potentialAction":[{"@type":"SearchAction","target":{"@type":"EntryPoint","urlTemplate":"https:\/\/www.czbiom.cz\/en\/?s={search_term_string}"},"query-input":{"@type":"PropertyValueSpecification","valueRequired":true,"valueName":"search_term_string"}}],"inLanguage":"en-US"},{"@type":"Organization","@id":"https:\/\/www.czbiom.cz\/en\/#organization","name":"\u010cesk\u00e9 sdru\u017een\u00ed pro biomasu","url":"https:\/\/www.czbiom.cz\/en\/","logo":{"@type":"ImageObject","inLanguage":"en-US","@id":"https:\/\/www.czbiom.cz\/en\/#\/schema\/logo\/image\/","url":"https:\/\/www.czbiom.cz\/wp-content\/uploads\/logo-fb.png","contentUrl":"https:\/\/www.czbiom.cz\/wp-content\/uploads\/logo-fb.png","width":1200,"height":630,"caption":"\u010cesk\u00e9 sdru\u017een\u00ed pro biomasu"},"image":{"@id":"https:\/\/www.czbiom.cz\/en\/#\/schema\/logo\/image\/"},"sameAs":["https:\/\/www.facebook.com\/czbiom\/","https:\/\/x.com\/CZBiom","https:\/\/www.youtube.com\/@czbiom5277","https:\/\/www.linkedin.com\/company\/asociaceczbiom"]}]}},"_links":{"self":[{"href":"https:\/\/www.czbiom.cz\/en\/wp-json\/wp\/v2\/akce\/571","targetHints":{"allow":["GET"]}}],"collection":[{"href":"https:\/\/www.czbiom.cz\/en\/wp-json\/wp\/v2\/akce"}],"about":[{"href":"https:\/\/www.czbiom.cz\/en\/wp-json\/wp\/v2\/types\/akce"}],"wp:attachment":[{"href":"https:\/\/www.czbiom.cz\/en\/wp-json\/wp\/v2\/media?parent=571"}],"wp:term":[{"taxonomy":"category","embeddable":true,"href":"https:\/\/www.czbiom.cz\/en\/wp-json\/wp\/v2\/categories?post=571"}],"curies":[{"name":"wp","href":"https:\/\/api.w.org\/{rel}","templated":true}]}}