{"id":547,"date":"2022-02-08T10:53:27","date_gmt":"2022-02-08T09:53:27","guid":{"rendered":"https:\/\/www.czbiom.cz\/?post_type=akce&#038;p=547"},"modified":"2022-03-21T17:56:00","modified_gmt":"2022-03-21T16:56:00","slug":"webinar-pro-provozovatele-kompostaren-k-novemu-zakonu-o-odpadech","status":"publish","type":"akce","link":"https:\/\/www.czbiom.cz\/en\/akce\/webinar-pro-provozovatele-kompostaren-k-novemu-zakonu-o-odpadech\/","title":{"rendered":"Webin\u00e1\u0159 pro provozovatele kompost\u00e1ren k nov\u00e9mu z\u00e1konu o odpadech"},"content":{"rendered":"<p><strong>Online semin\u00e1\u0159 ur\u010den\u00fd provozovatel\u016fm kompost\u00e1ren a v\u0161em p\u0159\u00edznivc\u016fm bioodpad\u016f a kompostov\u00e1n\u00ed, na t\u00e9ma nov\u00e9ho z\u00e1kona o odpadech. Webin\u00e1\u0159 se uskute\u010dn\u00ed dne 30. b\u0159ezna od 9:30 na platform\u011b Google Meet. P\u0159edpokl\u00e1dan\u00fd konec v 11.00.<\/strong><\/p>\n<h3><strong>P\u0159edn\u00e1\u0161ej\u00edc\u00ed<\/strong><\/h3>\n<p>Mgr. et Mgr. \u0160t\u011bp\u00e1n Jakl, vrchn\u00ed ministersk\u00fd rada M\u017dP \u010cR<\/p>\n<p>Ing. Anna Tvrd\u00edkov\u00e1, vedouc\u00ed sekce kompostov\u00e1n\u00ed CZ Biom<\/p>\n<h3><strong>Program<\/strong><\/h3>\n<p>A. Tvrd\u00edkov\u00e1 &#8211; \u00davod<\/p>\n<p>\u0160. Jakl &#8211; Evidence odpad\u016f<\/p>\n<p>\u0160. Jakl &#8211; Nov\u00e9 povinnosti po zm\u011bn\u011b z\u00e1kona<\/p>\n<p>\u0160. Jakl &#8211; V\u017dP vs. bioodpady a s t\u00edm spojen\u00e9 povinnosti \u2013 souhlas krajsk\u00e9 veterin\u00e1rn\u00ed spr\u00e1vy, k\u00f3dy odpad\u016f, vymezen\u00ed p\u016fsobnosti<\/p>\n<p>\u0160. Jakl &#8211; T\u0159\u00edd\u00edc\u00ed slevy<\/p>\n<p>\u0160. Jakl &#8211; Institut obchodn\u00edk<\/p>\n<p>A. Tvrd\u00edkov\u00e1 &#8211; Co je CZ Biom a pro\u010d b\u00fdt jeho \u010dlenem<\/p>\n<p>A. Tvrd\u00edkov\u00e1 &#8211; Dotace: jak podporovat rozvoj st\u00e1vaj\u00edc\u00edch kompost\u00e1ren? Dovybaven\u00ed a roz\u0161i\u0159ov\u00e1n\u00ed kapacit<\/p>\n<p><em>Diskuze<\/em><\/p>\n<h3><strong>Registra\u010dn\u00ed poplatek<\/strong><\/h3>\n<p>\u010cLEN CZ Biom \u2013\u00a0\u00a0zdarma<\/p>\n<p>NE\u010cLEN CZ Biom \u2013\u00a0300\u00a0K\u010d<\/p>\n<p><a href=\"https:\/\/czbiom.cz\/udalost\/rok-2021\/webinar-bioodpady\/\">REGISTRACE ZDE<\/a><\/p>\n<p>Informace o platb\u011b se V\u00e1m zobraz\u00ed po dokon\u010den\u00ed\u00a0<a href=\"https:\/\/czbiom.cz\/udalost\/rok-2021\/webinar-bioodpady\/\">registrace<\/a>. Uveden\u00e9 ceny jsou v\u010d. DPH.<\/p>\n<p>Jakmile bude vlo\u017en\u00e9 na \u00fa\u010dtu CZ Biom, po\u0161leme V\u00e1m potvrzen\u00ed o zkompletov\u00e1n\u00ed registrace na email, kter\u00fd jste uvedli p\u0159i registraci.<\/p>\n<p>Fakturu a da\u0148ov\u00fd doklad obdr\u017e\u00edte a\u017e po uskute\u010dn\u011bn\u00ed akce na email, kter\u00fd jste uvedli p\u0159i registraci.<\/p>\n","protected":false},"template":"","categories":[39,21],"class_list":["post-547","akce","type-akce","status-publish","hentry","category-2021-prehled-akci","category-prehled-akci"],"acf":[],"yoast_head":"<!-- This site is optimized with the Yoast SEO plugin v27.4 - https:\/\/yoast.com\/product\/yoast-seo-wordpress\/ -->\n<title>Webin\u00e1\u0159 pro provozovatele kompost\u00e1ren k nov\u00e9mu z\u00e1konu o odpadech - \u010cesk\u00e9 sdru\u017een\u00ed pro biomasu<\/title>\n<meta name=\"robots\" content=\"index, follow, max-snippet:-1, max-image-preview:large, max-video-preview:-1\" \/>\n<link rel=\"canonical\" href=\"https:\/\/www.czbiom.cz\/en\/akce\/webinar-pro-provozovatele-kompostaren-k-novemu-zakonu-o-odpadech\/\" \/>\n<meta property=\"og:locale\" content=\"en_US\" \/>\n<meta property=\"og:type\" content=\"article\" \/>\n<meta property=\"og:title\" content=\"Webin\u00e1\u0159 pro provozovatele kompost\u00e1ren k nov\u00e9mu z\u00e1konu o odpadech - \u010cesk\u00e9 sdru\u017een\u00ed pro biomasu\" \/>\n<meta property=\"og:description\" content=\"Online semin\u00e1\u0159 ur\u010den\u00fd provozovatel\u016fm kompost\u00e1ren a v\u0161em p\u0159\u00edznivc\u016fm bioodpad\u016f a kompostov\u00e1n\u00ed, na t\u00e9ma nov\u00e9ho z\u00e1kona o odpadech. Webin\u00e1\u0159 se uskute\u010dn\u00ed dne 30. b\u0159ezna od 9:30 na platform\u011b Google Meet. P\u0159edpokl\u00e1dan\u00fd konec v 11.00. P\u0159edn\u00e1\u0161ej\u00edc\u00ed Mgr. et Mgr. \u0160t\u011bp\u00e1n Jakl, vrchn\u00ed ministersk\u00fd rada M\u017dP \u010cR Ing. Anna Tvrd\u00edkov\u00e1, vedouc\u00ed sekce kompostov\u00e1n\u00ed CZ Biom Program A. Tvrd\u00edkov\u00e1 [&hellip;]\" \/>\n<meta property=\"og:url\" content=\"https:\/\/www.czbiom.cz\/en\/akce\/webinar-pro-provozovatele-kompostaren-k-novemu-zakonu-o-odpadech\/\" \/>\n<meta property=\"og:site_name\" content=\"\u010cesk\u00e9 sdru\u017een\u00ed pro biomasu\" \/>\n<meta property=\"article:publisher\" content=\"https:\/\/www.facebook.com\/czbiom\/\" \/>\n<meta property=\"article:modified_time\" content=\"2022-03-21T16:56:00+00:00\" \/>\n<meta property=\"og:image\" content=\"https:\/\/www.czbiom.cz\/wp-content\/uploads\/logo-fb.png\" \/>\n\t<meta property=\"og:image:width\" content=\"1200\" \/>\n\t<meta property=\"og:image:height\" content=\"630\" \/>\n\t<meta property=\"og:image:type\" content=\"image\/png\" \/>\n<meta name=\"twitter:card\" content=\"summary_large_image\" \/>\n<meta name=\"twitter:site\" content=\"@CZBiom\" \/>\n<meta name=\"twitter:label1\" content=\"Est. reading time\" \/>\n\t<meta name=\"twitter:data1\" content=\"1 minute\" \/>\n<script type=\"application\/ld+json\" class=\"yoast-schema-graph\">{\"@context\":\"https:\\\/\\\/schema.org\",\"@graph\":[{\"@type\":\"WebPage\",\"@id\":\"https:\\\/\\\/www.czbiom.cz\\\/en\\\/akce\\\/webinar-pro-provozovatele-kompostaren-k-novemu-zakonu-o-odpadech\\\/\",\"url\":\"https:\\\/\\\/www.czbiom.cz\\\/en\\\/akce\\\/webinar-pro-provozovatele-kompostaren-k-novemu-zakonu-o-odpadech\\\/\",\"name\":\"Webin\u00e1\u0159 pro provozovatele kompost\u00e1ren k nov\u00e9mu z\u00e1konu o odpadech - \u010cesk\u00e9 sdru\u017een\u00ed pro biomasu\",\"isPartOf\":{\"@id\":\"https:\\\/\\\/www.czbiom.cz\\\/en\\\/#website\"},\"datePublished\":\"2022-02-08T09:53:27+00:00\",\"dateModified\":\"2022-03-21T16:56:00+00:00\",\"breadcrumb\":{\"@id\":\"https:\\\/\\\/www.czbiom.cz\\\/en\\\/akce\\\/webinar-pro-provozovatele-kompostaren-k-novemu-zakonu-o-odpadech\\\/#breadcrumb\"},\"inLanguage\":\"en-US\",\"potentialAction\":[{\"@type\":\"ReadAction\",\"target\":[[\"https:\\\/\\\/www.czbiom.cz\\\/en\\\/akce\\\/webinar-pro-provozovatele-kompostaren-k-novemu-zakonu-o-odpadech\\\/\"]]}]},{\"@type\":\"BreadcrumbList\",\"@id\":\"https:\\\/\\\/www.czbiom.cz\\\/en\\\/akce\\\/webinar-pro-provozovatele-kompostaren-k-novemu-zakonu-o-odpadech\\\/#breadcrumb\",\"itemListElement\":[{\"@type\":\"ListItem\",\"position\":1,\"name\":\"Dom\u016f\",\"item\":\"https:\\\/\\\/www.czbiom.cz\\\/en\\\/\"},{\"@type\":\"ListItem\",\"position\":2,\"name\":\"Webin\u00e1\u0159 pro provozovatele kompost\u00e1ren k nov\u00e9mu z\u00e1konu o odpadech\"}]},{\"@type\":\"WebSite\",\"@id\":\"https:\\\/\\\/www.czbiom.cz\\\/en\\\/#website\",\"url\":\"https:\\\/\\\/www.czbiom.cz\\\/en\\\/\",\"name\":\"\u010cesk\u00e9 sdru\u017een\u00ed pro biomasu\",\"description\":\"\",\"publisher\":{\"@id\":\"https:\\\/\\\/www.czbiom.cz\\\/en\\\/#organization\"},\"potentialAction\":[{\"@type\":\"SearchAction\",\"target\":{\"@type\":\"EntryPoint\",\"urlTemplate\":\"https:\\\/\\\/www.czbiom.cz\\\/en\\\/?s={search_term_string}\"},\"query-input\":{\"@type\":\"PropertyValueSpecification\",\"valueRequired\":true,\"valueName\":\"search_term_string\"}}],\"inLanguage\":\"en-US\"},{\"@type\":\"Organization\",\"@id\":\"https:\\\/\\\/www.czbiom.cz\\\/en\\\/#organization\",\"name\":\"\u010cesk\u00e9 sdru\u017een\u00ed pro biomasu\",\"url\":\"https:\\\/\\\/www.czbiom.cz\\\/en\\\/\",\"logo\":{\"@type\":\"ImageObject\",\"inLanguage\":\"en-US\",\"@id\":\"https:\\\/\\\/www.czbiom.cz\\\/en\\\/#\\\/schema\\\/logo\\\/image\\\/\",\"url\":\"https:\\\/\\\/www.czbiom.cz\\\/wp-content\\\/uploads\\\/logo-fb.png\",\"contentUrl\":\"https:\\\/\\\/www.czbiom.cz\\\/wp-content\\\/uploads\\\/logo-fb.png\",\"width\":1200,\"height\":630,\"caption\":\"\u010cesk\u00e9 sdru\u017een\u00ed pro biomasu\"},\"image\":{\"@id\":\"https:\\\/\\\/www.czbiom.cz\\\/en\\\/#\\\/schema\\\/logo\\\/image\\\/\"},\"sameAs\":[\"https:\\\/\\\/www.facebook.com\\\/czbiom\\\/\",\"https:\\\/\\\/x.com\\\/CZBiom\",\"https:\\\/\\\/www.youtube.com\\\/@czbiom5277\",\"https:\\\/\\\/www.linkedin.com\\\/company\\\/asociaceczbiom\"]}]}<\/script>\n<!-- \/ Yoast SEO plugin. -->","yoast_head_json":{"title":"Webin\u00e1\u0159 pro provozovatele kompost\u00e1ren k nov\u00e9mu z\u00e1konu o odpadech - \u010cesk\u00e9 sdru\u017een\u00ed pro biomasu","robots":{"index":"index","follow":"follow","max-snippet":"max-snippet:-1","max-image-preview":"max-image-preview:large","max-video-preview":"max-video-preview:-1"},"canonical":"https:\/\/www.czbiom.cz\/en\/akce\/webinar-pro-provozovatele-kompostaren-k-novemu-zakonu-o-odpadech\/","og_locale":"en_US","og_type":"article","og_title":"Webin\u00e1\u0159 pro provozovatele kompost\u00e1ren k nov\u00e9mu z\u00e1konu o odpadech - \u010cesk\u00e9 sdru\u017een\u00ed pro biomasu","og_description":"Online semin\u00e1\u0159 ur\u010den\u00fd provozovatel\u016fm kompost\u00e1ren a v\u0161em p\u0159\u00edznivc\u016fm bioodpad\u016f a kompostov\u00e1n\u00ed, na t\u00e9ma nov\u00e9ho z\u00e1kona o odpadech. Webin\u00e1\u0159 se uskute\u010dn\u00ed dne 30. b\u0159ezna od 9:30 na platform\u011b Google Meet. P\u0159edpokl\u00e1dan\u00fd konec v 11.00. P\u0159edn\u00e1\u0161ej\u00edc\u00ed Mgr. et Mgr. \u0160t\u011bp\u00e1n Jakl, vrchn\u00ed ministersk\u00fd rada M\u017dP \u010cR Ing. Anna Tvrd\u00edkov\u00e1, vedouc\u00ed sekce kompostov\u00e1n\u00ed CZ Biom Program A. Tvrd\u00edkov\u00e1 [&hellip;]","og_url":"https:\/\/www.czbiom.cz\/en\/akce\/webinar-pro-provozovatele-kompostaren-k-novemu-zakonu-o-odpadech\/","og_site_name":"\u010cesk\u00e9 sdru\u017een\u00ed pro biomasu","article_publisher":"https:\/\/www.facebook.com\/czbiom\/","article_modified_time":"2022-03-21T16:56:00+00:00","og_image":[{"width":1200,"height":630,"url":"https:\/\/www.czbiom.cz\/wp-content\/uploads\/logo-fb.png","type":"image\/png"}],"twitter_card":"summary_large_image","twitter_site":"@CZBiom","twitter_misc":{"Est. reading time":"1 minute"},"schema":{"@context":"https:\/\/schema.org","@graph":[{"@type":"WebPage","@id":"https:\/\/www.czbiom.cz\/en\/akce\/webinar-pro-provozovatele-kompostaren-k-novemu-zakonu-o-odpadech\/","url":"https:\/\/www.czbiom.cz\/en\/akce\/webinar-pro-provozovatele-kompostaren-k-novemu-zakonu-o-odpadech\/","name":"Webin\u00e1\u0159 pro provozovatele kompost\u00e1ren k nov\u00e9mu z\u00e1konu o odpadech - \u010cesk\u00e9 sdru\u017een\u00ed pro biomasu","isPartOf":{"@id":"https:\/\/www.czbiom.cz\/en\/#website"},"datePublished":"2022-02-08T09:53:27+00:00","dateModified":"2022-03-21T16:56:00+00:00","breadcrumb":{"@id":"https:\/\/www.czbiom.cz\/en\/akce\/webinar-pro-provozovatele-kompostaren-k-novemu-zakonu-o-odpadech\/#breadcrumb"},"inLanguage":"en-US","potentialAction":[{"@type":"ReadAction","target":[["https:\/\/www.czbiom.cz\/en\/akce\/webinar-pro-provozovatele-kompostaren-k-novemu-zakonu-o-odpadech\/"]]}]},{"@type":"BreadcrumbList","@id":"https:\/\/www.czbiom.cz\/en\/akce\/webinar-pro-provozovatele-kompostaren-k-novemu-zakonu-o-odpadech\/#breadcrumb","itemListElement":[{"@type":"ListItem","position":1,"name":"Dom\u016f","item":"https:\/\/www.czbiom.cz\/en\/"},{"@type":"ListItem","position":2,"name":"Webin\u00e1\u0159 pro provozovatele kompost\u00e1ren k nov\u00e9mu z\u00e1konu o odpadech"}]},{"@type":"WebSite","@id":"https:\/\/www.czbiom.cz\/en\/#website","url":"https:\/\/www.czbiom.cz\/en\/","name":"\u010cesk\u00e9 sdru\u017een\u00ed pro biomasu","description":"","publisher":{"@id":"https:\/\/www.czbiom.cz\/en\/#organization"},"potentialAction":[{"@type":"SearchAction","target":{"@type":"EntryPoint","urlTemplate":"https:\/\/www.czbiom.cz\/en\/?s={search_term_string}"},"query-input":{"@type":"PropertyValueSpecification","valueRequired":true,"valueName":"search_term_string"}}],"inLanguage":"en-US"},{"@type":"Organization","@id":"https:\/\/www.czbiom.cz\/en\/#organization","name":"\u010cesk\u00e9 sdru\u017een\u00ed pro biomasu","url":"https:\/\/www.czbiom.cz\/en\/","logo":{"@type":"ImageObject","inLanguage":"en-US","@id":"https:\/\/www.czbiom.cz\/en\/#\/schema\/logo\/image\/","url":"https:\/\/www.czbiom.cz\/wp-content\/uploads\/logo-fb.png","contentUrl":"https:\/\/www.czbiom.cz\/wp-content\/uploads\/logo-fb.png","width":1200,"height":630,"caption":"\u010cesk\u00e9 sdru\u017een\u00ed pro biomasu"},"image":{"@id":"https:\/\/www.czbiom.cz\/en\/#\/schema\/logo\/image\/"},"sameAs":["https:\/\/www.facebook.com\/czbiom\/","https:\/\/x.com\/CZBiom","https:\/\/www.youtube.com\/@czbiom5277","https:\/\/www.linkedin.com\/company\/asociaceczbiom"]}]}},"_links":{"self":[{"href":"https:\/\/www.czbiom.cz\/en\/wp-json\/wp\/v2\/akce\/547","targetHints":{"allow":["GET"]}}],"collection":[{"href":"https:\/\/www.czbiom.cz\/en\/wp-json\/wp\/v2\/akce"}],"about":[{"href":"https:\/\/www.czbiom.cz\/en\/wp-json\/wp\/v2\/types\/akce"}],"wp:attachment":[{"href":"https:\/\/www.czbiom.cz\/en\/wp-json\/wp\/v2\/media?parent=547"}],"wp:term":[{"taxonomy":"category","embeddable":true,"href":"https:\/\/www.czbiom.cz\/en\/wp-json\/wp\/v2\/categories?post=547"}],"curies":[{"name":"wp","href":"https:\/\/api.w.org\/{rel}","templated":true}]}}