{"id":537,"date":"2022-02-08T10:38:38","date_gmt":"2022-02-08T09:38:38","guid":{"rendered":"https:\/\/www.czbiom.cz\/?post_type=akce&#038;p=537"},"modified":"2022-03-21T17:56:44","modified_gmt":"2022-03-21T16:56:44","slug":"konference-bioplyn-a-legislativa-2021-na-zivo","status":"publish","type":"akce","link":"https:\/\/www.czbiom.cz\/en\/akce\/konference-bioplyn-a-legislativa-2021-na-zivo\/","title":{"rendered":"Konference Bioplyn a legislativa 2021 NA \u017dIVO!"},"content":{"rendered":"<p><strong>Tradi\u010dn\u00ed jarn\u00ed konference CZ Biom v\u011bnovan\u00e1 t\u00e9mat\u016fm z oblasti bioplynu, biometanu a bioodpad\u016f se uskute\u010dn\u00ed 15. \u010dervna 2021 NA \u017dIVO v hotelu Atom v T\u0159eb\u00ed\u010di! Rozhodli jsme se tradi\u010dn\u00ed kv\u011btnov\u00fd term\u00edn p\u0159esunout na \u010derven, abychom se mohli potkat fyzicky!<\/strong><\/p>\n<p>Z p\u0159ipravovan\u00fdch t\u00e9mat zm\u00edn\u00edme zejm\u00e9na\u00a0z\u00e1v\u011bry z kontrol m\u011b\u0159en\u00ed TVS,\u00a0valorizace provozn\u00ed podpory, aktuality v\u00a0legislativ\u011b\u00a0nebo p\u0159edstaven\u00ed nov\u00e9 vedouc\u00ed kompost\u00e1\u0159sk\u00e9 sekce Ing. Anny Tvrd\u00edkov\u00e9 a novinky dot\u00fdkaj\u00edc\u00ed se\u00a0bioplynu\u00a0a kompostov\u00e1n\u00ed.<\/p>\n<h2>Vlo\u017en\u00e9<\/h2>\n<p>Akce je\u00a0<strong>pro \u010dleny CZ Biom zdarma<\/strong>.<\/p>\n<p>Pro ne\u010dleny\u00a0je vlo\u017en\u00e9\u00a0<strong>900,- K\u010d<\/strong>.<\/p>\n<p>Platebn\u00ed instrukce\u00a0obdr\u017e\u00edte v potvrzovac\u00edm emailu po \u00fasp\u011b\u0161n\u00e9 registraci.<\/p>\n<p><strong>M\u00e9dia<\/strong>\u00a0maj\u00ed\u00a0vstup <strong>zdarma<\/strong>, pros\u00edme do pozn\u00e1mky uv\u00e9st n\u00e1zev m\u00e9dia.<\/p>\n","protected":false},"template":"","categories":[39,21],"class_list":["post-537","akce","type-akce","status-publish","hentry","category-2021-prehled-akci","category-prehled-akci"],"acf":[],"yoast_head":"<!-- This site is optimized with the Yoast SEO plugin v27.5 - https:\/\/yoast.com\/product\/yoast-seo-wordpress\/ -->\n<title>Konference Bioplyn a legislativa 2021 NA \u017dIVO! - \u010cesk\u00e9 sdru\u017een\u00ed pro biomasu<\/title>\n<meta name=\"robots\" content=\"index, follow, max-snippet:-1, max-image-preview:large, max-video-preview:-1\" \/>\n<link rel=\"canonical\" href=\"https:\/\/www.czbiom.cz\/en\/akce\/konference-bioplyn-a-legislativa-2021-na-zivo\/\" \/>\n<meta property=\"og:locale\" content=\"en_US\" \/>\n<meta property=\"og:type\" content=\"article\" \/>\n<meta property=\"og:title\" content=\"Konference Bioplyn a legislativa 2021 NA \u017dIVO! - \u010cesk\u00e9 sdru\u017een\u00ed pro biomasu\" \/>\n<meta property=\"og:description\" content=\"Tradi\u010dn\u00ed jarn\u00ed konference CZ Biom v\u011bnovan\u00e1 t\u00e9mat\u016fm z oblasti bioplynu, biometanu a bioodpad\u016f se uskute\u010dn\u00ed 15. \u010dervna 2021 NA \u017dIVO v hotelu Atom v T\u0159eb\u00ed\u010di! Rozhodli jsme se tradi\u010dn\u00ed kv\u011btnov\u00fd term\u00edn p\u0159esunout na \u010derven, abychom se mohli potkat fyzicky! Z p\u0159ipravovan\u00fdch t\u00e9mat zm\u00edn\u00edme zejm\u00e9na\u00a0z\u00e1v\u011bry z kontrol m\u011b\u0159en\u00ed TVS,\u00a0valorizace provozn\u00ed podpory, aktuality v\u00a0legislativ\u011b\u00a0nebo p\u0159edstaven\u00ed nov\u00e9 vedouc\u00ed [&hellip;]\" \/>\n<meta property=\"og:url\" content=\"https:\/\/www.czbiom.cz\/en\/akce\/konference-bioplyn-a-legislativa-2021-na-zivo\/\" \/>\n<meta property=\"og:site_name\" content=\"\u010cesk\u00e9 sdru\u017een\u00ed pro biomasu\" \/>\n<meta property=\"article:publisher\" content=\"https:\/\/www.facebook.com\/czbiom\/\" \/>\n<meta property=\"article:modified_time\" content=\"2022-03-21T16:56:44+00:00\" \/>\n<meta property=\"og:image\" content=\"https:\/\/www.czbiom.cz\/wp-content\/uploads\/logo-fb.png\" \/>\n\t<meta property=\"og:image:width\" content=\"1200\" \/>\n\t<meta property=\"og:image:height\" content=\"630\" \/>\n\t<meta property=\"og:image:type\" content=\"image\/png\" \/>\n<meta name=\"twitter:card\" content=\"summary_large_image\" \/>\n<meta name=\"twitter:site\" content=\"@CZBiom\" \/>\n<meta name=\"twitter:label1\" content=\"Est. reading time\" \/>\n\t<meta name=\"twitter:data1\" content=\"1 minute\" \/>\n<script type=\"application\/ld+json\" class=\"yoast-schema-graph\">{\"@context\":\"https:\\\/\\\/schema.org\",\"@graph\":[{\"@type\":\"WebPage\",\"@id\":\"https:\\\/\\\/www.czbiom.cz\\\/en\\\/akce\\\/konference-bioplyn-a-legislativa-2021-na-zivo\\\/\",\"url\":\"https:\\\/\\\/www.czbiom.cz\\\/en\\\/akce\\\/konference-bioplyn-a-legislativa-2021-na-zivo\\\/\",\"name\":\"Konference Bioplyn a legislativa 2021 NA \u017dIVO! - \u010cesk\u00e9 sdru\u017een\u00ed pro biomasu\",\"isPartOf\":{\"@id\":\"https:\\\/\\\/www.czbiom.cz\\\/en\\\/#website\"},\"datePublished\":\"2022-02-08T09:38:38+00:00\",\"dateModified\":\"2022-03-21T16:56:44+00:00\",\"breadcrumb\":{\"@id\":\"https:\\\/\\\/www.czbiom.cz\\\/en\\\/akce\\\/konference-bioplyn-a-legislativa-2021-na-zivo\\\/#breadcrumb\"},\"inLanguage\":\"en-US\",\"potentialAction\":[{\"@type\":\"ReadAction\",\"target\":[[\"https:\\\/\\\/www.czbiom.cz\\\/en\\\/akce\\\/konference-bioplyn-a-legislativa-2021-na-zivo\\\/\"]]}]},{\"@type\":\"BreadcrumbList\",\"@id\":\"https:\\\/\\\/www.czbiom.cz\\\/en\\\/akce\\\/konference-bioplyn-a-legislativa-2021-na-zivo\\\/#breadcrumb\",\"itemListElement\":[{\"@type\":\"ListItem\",\"position\":1,\"name\":\"Dom\u016f\",\"item\":\"https:\\\/\\\/www.czbiom.cz\\\/en\\\/\"},{\"@type\":\"ListItem\",\"position\":2,\"name\":\"Konference Bioplyn a legislativa 2021 NA \u017dIVO!\"}]},{\"@type\":\"WebSite\",\"@id\":\"https:\\\/\\\/www.czbiom.cz\\\/en\\\/#website\",\"url\":\"https:\\\/\\\/www.czbiom.cz\\\/en\\\/\",\"name\":\"\u010cesk\u00e9 sdru\u017een\u00ed pro biomasu\",\"description\":\"\",\"publisher\":{\"@id\":\"https:\\\/\\\/www.czbiom.cz\\\/en\\\/#organization\"},\"potentialAction\":[{\"@type\":\"SearchAction\",\"target\":{\"@type\":\"EntryPoint\",\"urlTemplate\":\"https:\\\/\\\/www.czbiom.cz\\\/en\\\/?s={search_term_string}\"},\"query-input\":{\"@type\":\"PropertyValueSpecification\",\"valueRequired\":true,\"valueName\":\"search_term_string\"}}],\"inLanguage\":\"en-US\"},{\"@type\":\"Organization\",\"@id\":\"https:\\\/\\\/www.czbiom.cz\\\/en\\\/#organization\",\"name\":\"\u010cesk\u00e9 sdru\u017een\u00ed pro biomasu\",\"url\":\"https:\\\/\\\/www.czbiom.cz\\\/en\\\/\",\"logo\":{\"@type\":\"ImageObject\",\"inLanguage\":\"en-US\",\"@id\":\"https:\\\/\\\/www.czbiom.cz\\\/en\\\/#\\\/schema\\\/logo\\\/image\\\/\",\"url\":\"https:\\\/\\\/www.czbiom.cz\\\/wp-content\\\/uploads\\\/logo-fb.png\",\"contentUrl\":\"https:\\\/\\\/www.czbiom.cz\\\/wp-content\\\/uploads\\\/logo-fb.png\",\"width\":1200,\"height\":630,\"caption\":\"\u010cesk\u00e9 sdru\u017een\u00ed pro biomasu\"},\"image\":{\"@id\":\"https:\\\/\\\/www.czbiom.cz\\\/en\\\/#\\\/schema\\\/logo\\\/image\\\/\"},\"sameAs\":[\"https:\\\/\\\/www.facebook.com\\\/czbiom\\\/\",\"https:\\\/\\\/x.com\\\/CZBiom\",\"https:\\\/\\\/www.youtube.com\\\/@czbiom5277\",\"https:\\\/\\\/www.linkedin.com\\\/company\\\/asociaceczbiom\"]}]}<\/script>\n<!-- \/ Yoast SEO plugin. -->","yoast_head_json":{"title":"Konference Bioplyn a legislativa 2021 NA \u017dIVO! - \u010cesk\u00e9 sdru\u017een\u00ed pro biomasu","robots":{"index":"index","follow":"follow","max-snippet":"max-snippet:-1","max-image-preview":"max-image-preview:large","max-video-preview":"max-video-preview:-1"},"canonical":"https:\/\/www.czbiom.cz\/en\/akce\/konference-bioplyn-a-legislativa-2021-na-zivo\/","og_locale":"en_US","og_type":"article","og_title":"Konference Bioplyn a legislativa 2021 NA \u017dIVO! - \u010cesk\u00e9 sdru\u017een\u00ed pro biomasu","og_description":"Tradi\u010dn\u00ed jarn\u00ed konference CZ Biom v\u011bnovan\u00e1 t\u00e9mat\u016fm z oblasti bioplynu, biometanu a bioodpad\u016f se uskute\u010dn\u00ed 15. \u010dervna 2021 NA \u017dIVO v hotelu Atom v T\u0159eb\u00ed\u010di! Rozhodli jsme se tradi\u010dn\u00ed kv\u011btnov\u00fd term\u00edn p\u0159esunout na \u010derven, abychom se mohli potkat fyzicky! Z p\u0159ipravovan\u00fdch t\u00e9mat zm\u00edn\u00edme zejm\u00e9na\u00a0z\u00e1v\u011bry z kontrol m\u011b\u0159en\u00ed TVS,\u00a0valorizace provozn\u00ed podpory, aktuality v\u00a0legislativ\u011b\u00a0nebo p\u0159edstaven\u00ed nov\u00e9 vedouc\u00ed [&hellip;]","og_url":"https:\/\/www.czbiom.cz\/en\/akce\/konference-bioplyn-a-legislativa-2021-na-zivo\/","og_site_name":"\u010cesk\u00e9 sdru\u017een\u00ed pro biomasu","article_publisher":"https:\/\/www.facebook.com\/czbiom\/","article_modified_time":"2022-03-21T16:56:44+00:00","og_image":[{"width":1200,"height":630,"url":"https:\/\/www.czbiom.cz\/wp-content\/uploads\/logo-fb.png","type":"image\/png"}],"twitter_card":"summary_large_image","twitter_site":"@CZBiom","twitter_misc":{"Est. reading time":"1 minute"},"schema":{"@context":"https:\/\/schema.org","@graph":[{"@type":"WebPage","@id":"https:\/\/www.czbiom.cz\/en\/akce\/konference-bioplyn-a-legislativa-2021-na-zivo\/","url":"https:\/\/www.czbiom.cz\/en\/akce\/konference-bioplyn-a-legislativa-2021-na-zivo\/","name":"Konference Bioplyn a legislativa 2021 NA \u017dIVO! - \u010cesk\u00e9 sdru\u017een\u00ed pro biomasu","isPartOf":{"@id":"https:\/\/www.czbiom.cz\/en\/#website"},"datePublished":"2022-02-08T09:38:38+00:00","dateModified":"2022-03-21T16:56:44+00:00","breadcrumb":{"@id":"https:\/\/www.czbiom.cz\/en\/akce\/konference-bioplyn-a-legislativa-2021-na-zivo\/#breadcrumb"},"inLanguage":"en-US","potentialAction":[{"@type":"ReadAction","target":[["https:\/\/www.czbiom.cz\/en\/akce\/konference-bioplyn-a-legislativa-2021-na-zivo\/"]]}]},{"@type":"BreadcrumbList","@id":"https:\/\/www.czbiom.cz\/en\/akce\/konference-bioplyn-a-legislativa-2021-na-zivo\/#breadcrumb","itemListElement":[{"@type":"ListItem","position":1,"name":"Dom\u016f","item":"https:\/\/www.czbiom.cz\/en\/"},{"@type":"ListItem","position":2,"name":"Konference Bioplyn a legislativa 2021 NA \u017dIVO!"}]},{"@type":"WebSite","@id":"https:\/\/www.czbiom.cz\/en\/#website","url":"https:\/\/www.czbiom.cz\/en\/","name":"\u010cesk\u00e9 sdru\u017een\u00ed pro biomasu","description":"","publisher":{"@id":"https:\/\/www.czbiom.cz\/en\/#organization"},"potentialAction":[{"@type":"SearchAction","target":{"@type":"EntryPoint","urlTemplate":"https:\/\/www.czbiom.cz\/en\/?s={search_term_string}"},"query-input":{"@type":"PropertyValueSpecification","valueRequired":true,"valueName":"search_term_string"}}],"inLanguage":"en-US"},{"@type":"Organization","@id":"https:\/\/www.czbiom.cz\/en\/#organization","name":"\u010cesk\u00e9 sdru\u017een\u00ed pro biomasu","url":"https:\/\/www.czbiom.cz\/en\/","logo":{"@type":"ImageObject","inLanguage":"en-US","@id":"https:\/\/www.czbiom.cz\/en\/#\/schema\/logo\/image\/","url":"https:\/\/www.czbiom.cz\/wp-content\/uploads\/logo-fb.png","contentUrl":"https:\/\/www.czbiom.cz\/wp-content\/uploads\/logo-fb.png","width":1200,"height":630,"caption":"\u010cesk\u00e9 sdru\u017een\u00ed pro biomasu"},"image":{"@id":"https:\/\/www.czbiom.cz\/en\/#\/schema\/logo\/image\/"},"sameAs":["https:\/\/www.facebook.com\/czbiom\/","https:\/\/x.com\/CZBiom","https:\/\/www.youtube.com\/@czbiom5277","https:\/\/www.linkedin.com\/company\/asociaceczbiom"]}]}},"_links":{"self":[{"href":"https:\/\/www.czbiom.cz\/en\/wp-json\/wp\/v2\/akce\/537","targetHints":{"allow":["GET"]}}],"collection":[{"href":"https:\/\/www.czbiom.cz\/en\/wp-json\/wp\/v2\/akce"}],"about":[{"href":"https:\/\/www.czbiom.cz\/en\/wp-json\/wp\/v2\/types\/akce"}],"wp:attachment":[{"href":"https:\/\/www.czbiom.cz\/en\/wp-json\/wp\/v2\/media?parent=537"}],"wp:term":[{"taxonomy":"category","embeddable":true,"href":"https:\/\/www.czbiom.cz\/en\/wp-json\/wp\/v2\/categories?post=537"}],"curies":[{"name":"wp","href":"https:\/\/api.w.org\/{rel}","templated":true}]}}